{"id":5484,"date":"2023-06-30T10:37:37","date_gmt":"2023-06-30T08:37:37","guid":{"rendered":"https:\/\/www.vallesturaexperience.it\/1747224622712?page_id=5484"},"modified":"2025-09-16T17:26:35","modified_gmt":"2025-09-16T15:26:35","slug":"far-na-novo-veio-en-val-esturo","status":"publish","type":"page","link":"https:\/\/www.vallesturaexperience.it\/fr\/far-na-novo-veio-en-val-esturo\/","title":{"rendered":"Far na novo veio en Val Esturo"},"content":{"rendered":"\n\n  <div class=\"banner has-hover has-parallax\" id=\"banner-607160947\">\n          <div class=\"banner-inner fill\">\n        <div class=\"banner-bg fill\" data-parallax=\"-3\" data-parallax-container=\".banner\" data-parallax-background>\n            <img fetchpriority=\"high\" decoding=\"async\" width=\"1366\" height=\"910\" src=\"https:\/\/www.vallesturaexperience.it\/wp-content\/uploads\/ValleStura-16-18luglio-194.jpg\" class=\"bg attachment-original size-original\" alt=\"\" \/>                                    \n                    <\/div>\n\t\t\n        <div class=\"banner-layers container\">\n            <div class=\"fill banner-link\"><\/div>            \n\n   <div id=\"text-box-1533498510\" class=\"text-box banner-layer x50 md-x50 lg-x50 y50 md-y50 lg-y50 res-text\">\n                     <div data-animate=\"fadeInLeft\">           <div class=\"text-box-content text dark\">\n              \n              <div class=\"text-inner text-center\">\n                  \n\n<h1 class=\"uppercase\" style=\"padding-top:25px;padding-bottom:25px;\"><strong>Far na novo veio en Val Esturo<br><\/strong><\/h1>\n\n\n              <\/div>\n           <\/div>\n       <\/div>                     \n<style>\n#text-box-1533498510 .text-box-content {\n  background-color: rgba(0, 0, 0, 0.5);\n  border-radius: 35px;\n  font-size: 100%;\n}\n#text-box-1533498510 {\n  width: 80%;\n}\n@media (min-width:550px) {\n  #text-box-1533498510 {\n    width: 90%;\n  }\n}\n<\/style>\n    <\/div>\n \n\n        <\/div>\n      <\/div>\n\n            \n<style>\n#banner-607160947 {\n  padding-top: 540px;\n}\n#banner-607160947 .overlay {\n  background-color: rgba(0, 0, 0, 0.3);\n}\n#banner-607160947 .banner-bg img {\n  object-position: 53% 64%;\n}\n<\/style>\n  <\/div>\n\n\n<div class=\"row row-collapse\"  id=\"row-1199258125\">\n\n\n\t<div id=\"col-2029666908\" class=\"col small-12 large-12\"  >\n\t\t\t\t<div class=\"col-inner\"  >\n\t\t\t\n\t\t\t\n\n<p><span dir=\"ltr\" role=\"presentation\">Le Consortium Valle Stura Experience est le leader du projet de cha\u00eene d&rsquo;approvisionnement \u00ab Far na novo veio en Val Esturo \u00bb.<\/span><\/p>\n<p><span dir=\"ltr\" role=\"presentation\">Le projet vise \u00e0 promouvoir l&rsquo;attractivit\u00e9 touristique de la vall\u00e9e de la Stura, en g\u00e9n\u00e9rant des retomb\u00e9es<\/span> <span dir=\"ltr\" role=\"presentation\">positives pour toutes les parties prenantes et, plus g\u00e9n\u00e9ralement, pour l&rsquo;\u00e9conomie locale.<\/span><br><span dir=\"ltr\" role=\"presentation\">Pour atteindre cet objectif, la Filiera s&rsquo;engage \u00e0 organiser et promouvoir une s\u00e9rie d&rsquo;\u00e9v\u00e9nements qui se<\/span> <span dir=\"ltr\" role=\"presentation\">tiendront tout au long de l&rsquo;\u00e9t\u00e9 dans diff\u00e9rents lieux de la vall\u00e9e.<\/span><br><span dir=\"ltr\" role=\"presentation\">Ces \u00e9v\u00e9nements comprendront une projection de film en soir\u00e9e, mais seront structur\u00e9s de mani\u00e8re \u00e0<\/span> <span dir=\"ltr\" role=\"presentation\">permettre aux participants de vivre diff\u00e9rentes exp\u00e9riences tout au long de la journ\u00e9e, avant de se<\/span> <span dir=\"ltr\" role=\"presentation\">retrouver le soir devant un \u00e9cran sp\u00e9cialement install\u00e9 dans la zone choisie.<\/span><br><span dir=\"ltr\" role=\"presentation\">L&rsquo;id\u00e9e est de faire revivre l&rsquo;ancienne tradition occitane du V\u00e8io, la veill\u00e9e au cours de laquelle les villageois<\/span><span dir=\"ltr\" role=\"presentation\"> partageaient autrefois les longues soir\u00e9es d&rsquo;hiver dans les \u00e9curies ou dans les cours pendant l&rsquo;\u00e9t\u00e9.<\/span>  <\/p>\n<p><span dir=\"ltr\" role=\"presentation\">Pour accueillir ces \u00e9v\u00e9nements, le Consortium Valle Stura Experience a fait l\u2019acquisition d\u2019un syst\u00e8me<\/span> <span dir=\"ltr\" role=\"presentation\">complet d\u2019organisation de projections vid\u00e9o en ext\u00e9rieur, comprenant un syst\u00e8me audio, un<\/span> <span dir=\"ltr\" role=\"presentation\">vid\u00e9oprojecteur et un \u00e9cran autonome.<\/span><\/p>\n<p><span dir=\"ltr\" role=\"presentation\">De plus, ils ont achet\u00e9 un bureau et un gazebo extensible avec leurs logos s\u00e9rigraphi\u00e9s sur les murs, pour <\/span><span dir=\"ltr\" role=\"presentation\">assurer une plus grande visibilit\u00e9 et reconnaissance lors des salons et \u00e9v\u00e9nements.<\/span><\/p>\n<p><span dir=\"ltr\" role=\"presentation\"><strong>Les acteurs directs impliqu\u00e9s dans la cha\u00eene d&rsquo;approvisionnement sont<\/strong>:<\/span><\/p>\n<p><span dir=\"ltr\" role=\"presentation\">Casa vacanze Arpaouza: <a href=\"https:\/\/www.vallesturaexperience.it\/fr\/strutture\/maison-de-vacances-arpaouza\/\">https:\/\/www.vallesturaexperience.it\/strutture\/arpouza-vallestura-casa-vacanze\/<\/a><\/span><br role=\"presentation\"><span dir=\"ltr\" role=\"presentation\">Apicoltura Fossati: <a href=\"https:\/\/www.vallesturaexperience.it\/fr\/strutture\/apiculture-biologique-fossati\/\">https:\/\/www.vallesturaexperience.it\/strutture\/apicoltura-biologica-fossati\/<\/a><\/span><br role=\"presentation\"><span dir=\"ltr\" role=\"presentation\">Le Frittelle di Marta: <a href=\"https:\/\/www.vallesturaexperience.it\/fr\/strutture\/les-crepes-de-marta\/\">https:\/\/www.vallesturaexperience.it\/strutture\/le-frittelle-di-marta\/<\/a><\/span><br role=\"presentation\"><span dir=\"ltr\" role=\"presentation\">Rifugio Malinvern: <a href=\"https:\/\/www.vallesturaexperience.it\/fr\/strutture\/refuge-malinvern\/\">https:\/\/www.vallesturaexperience.it\/strutture\/rifugio-malinvern-2\/<\/a><\/span><br role=\"presentation\"><span dir=\"ltr\" role=\"presentation\">Rifugio Dahu: <a href=\"https:\/\/www.vallesturaexperience.it\/fr\/strutture\/resto-refuge-dahu-de-sabarnui\/\">https:\/\/www.vallesturaexperience.it\/strutture\/risto-rifugio-dahu-de-sabarnui\/<\/a><\/span><br role=\"presentation\"><span dir=\"ltr\" role=\"presentation\">La Piola A l\u2019Ubac: <a href=\"https:\/\/www.vallesturaexperience.it\/?post_type=strutture&#038;p=462\">https:\/\/www.vallesturaexperience.it\/strutture\/piola-a-lubac\/<\/a><\/span><\/p>\n\n\t\t<\/div>\n\t\t\t\t\t<\/div>\n\n\t\n\n\n<style>\n#row-1199258125 > .col > .col-inner {\n  padding: 30px 0px 30px 0px;\n}\n<\/style>\n<\/div>\n<div class=\"row row-collapse\"  id=\"row-2095799708\">\n\n\n\t<div id=\"col-1626624201\" class=\"col small-12 large-12\"  >\n\t\t\t\t<div class=\"col-inner text-center\"  >\n\t\t\t\n\t\t\t\n\n\t<div class=\"img has-hover center-block x md-x lg-x y md-y lg-y\" id=\"image_2061559960\">\n\t\t<a class=\"image-lightbox lightbox-gallery\" title=\"\" href=\"https:\/\/www.vallesturaexperience.it\/wp-content\/uploads\/feasr_page-1.jpg\">\t\t\t\t\t\t<div class=\"img-inner dark\" >\n\t\t\t<img decoding=\"async\" width=\"502\" height=\"705\" src=\"https:\/\/www.vallesturaexperience.it\/wp-content\/uploads\/feasr_page-1.jpg\" class=\"attachment-original size-original\" alt=\"\" srcset=\"https:\/\/www.vallesturaexperience.it\/wp-content\/uploads\/feasr_page-1.jpg 502w, https:\/\/www.vallesturaexperience.it\/wp-content\/uploads\/feasr_page-1-214x300.jpg 214w\" sizes=\"(max-width: 502px) 100vw, 502px\" \/>\t\t\t\t\t\t\n\t\t\t\t\t<\/div>\n\t\t\t\t\t\t<\/a>\t\t\n<style>\n#image_2061559960 {\n  width: 50%;\n}\n<\/style>\n\t<\/div>\n\t\n\n\n\t\t<\/div>\n\t\t\t\t\t<\/div>\n\n\t\n\n\n<style>\n#row-2095799708 > .col > .col-inner {\n  padding: 30px 0px 30px 0px;\n}\n<\/style>\n<\/div>\n\t<div id=\"gap-711356219\" class=\"gap-element clearfix\" style=\"display:block; height:auto;\">\n\t\t\n<style>\n#gap-711356219 {\n  padding-top: 150px;\n}\n<\/style>\n\t<\/div>\n\t\n\n\n","protected":false},"excerpt":{"rendered":"","protected":false},"author":5,"featured_media":0,"parent":0,"menu_order":0,"comment_status":"closed","ping_status":"closed","template":"page-blank.php","meta":{"_acf_changed":false,"footnotes":""},"class_list":["post-5484","page","type-page","status-publish","hentry"],"acf":[],"yoast_head":"<!-- This site is optimized with the Yoast SEO plugin v27.4 - https:\/\/yoast.com\/product\/yoast-seo-wordpress\/ -->\n<title>Far na novo veio en Val Esturo - Valle Stura Experience<\/title>\n<meta name=\"robots\" content=\"index, follow, max-snippet:-1, max-image-preview:large, max-video-preview:-1\" \/>\n<link rel=\"canonical\" href=\"https:\/\/www.vallesturaexperience.it\/fr\/far-na-novo-veio-en-val-esturo\/\" \/>\n<meta property=\"og:locale\" content=\"fr_FR\" \/>\n<meta property=\"og:type\" content=\"article\" \/>\n<meta property=\"og:title\" content=\"Far na novo veio en Val Esturo - Valle Stura Experience\" \/>\n<meta property=\"og:url\" content=\"https:\/\/www.vallesturaexperience.it\/fr\/far-na-novo-veio-en-val-esturo\/\" \/>\n<meta property=\"og:site_name\" content=\"Valle Stura Experience\" \/>\n<meta property=\"article:publisher\" content=\"https:\/\/www.facebook.com\/vallesturaexperience\/\" \/>\n<meta property=\"article:modified_time\" content=\"2025-09-16T15:26:35+00:00\" \/>\n<meta name=\"twitter:card\" content=\"summary_large_image\" \/>\n<meta name=\"twitter:label1\" content=\"Dur\u00e9e de lecture estim\u00e9e\" \/>\n\t<meta name=\"twitter:data1\" content=\"2 minutes\" \/>\n<script type=\"application\/ld+json\" class=\"yoast-schema-graph\">{\"@context\":\"https:\\\/\\\/schema.org\",\"@graph\":[{\"@type\":\"WebPage\",\"@id\":\"https:\\\/\\\/www.vallesturaexperience.it\\\/fr\\\/far-na-novo-veio-en-val-esturo\\\/\",\"url\":\"https:\\\/\\\/www.vallesturaexperience.it\\\/fr\\\/far-na-novo-veio-en-val-esturo\\\/\",\"name\":\"Far na novo veio en Val Esturo - Valle Stura Experience\",\"isPartOf\":{\"@id\":\"https:\\\/\\\/www.vallesturaexperience.it\\\/#website\"},\"datePublished\":\"2023-06-30T08:37:37+00:00\",\"dateModified\":\"2025-09-16T15:26:35+00:00\",\"breadcrumb\":{\"@id\":\"https:\\\/\\\/www.vallesturaexperience.it\\\/fr\\\/far-na-novo-veio-en-val-esturo\\\/#breadcrumb\"},\"inLanguage\":\"fr-FR\",\"potentialAction\":[{\"@type\":\"ReadAction\",\"target\":[\"https:\\\/\\\/www.vallesturaexperience.it\\\/fr\\\/far-na-novo-veio-en-val-esturo\\\/\"]}]},{\"@type\":\"BreadcrumbList\",\"@id\":\"https:\\\/\\\/www.vallesturaexperience.it\\\/fr\\\/far-na-novo-veio-en-val-esturo\\\/#breadcrumb\",\"itemListElement\":[{\"@type\":\"ListItem\",\"position\":1,\"name\":\"Home\",\"item\":\"https:\\\/\\\/www.vallesturaexperience.it\\\/fr\\\/homepage\\\/\"},{\"@type\":\"ListItem\",\"position\":2,\"name\":\"Far na novo veio en Val Esturo\"}]},{\"@type\":\"WebSite\",\"@id\":\"https:\\\/\\\/www.vallesturaexperience.it\\\/#website\",\"url\":\"https:\\\/\\\/www.vallesturaexperience.it\\\/\",\"name\":\"Valle Stura Experience\",\"description\":\"il sito ufficiale di Valle Stura Experience\",\"publisher\":{\"@id\":\"https:\\\/\\\/www.vallesturaexperience.it\\\/#organization\"},\"potentialAction\":[{\"@type\":\"SearchAction\",\"target\":{\"@type\":\"EntryPoint\",\"urlTemplate\":\"https:\\\/\\\/www.vallesturaexperience.it\\\/?s={search_term_string}\"},\"query-input\":{\"@type\":\"PropertyValueSpecification\",\"valueRequired\":true,\"valueName\":\"search_term_string\"}}],\"inLanguage\":\"fr-FR\"},{\"@type\":\"Organization\",\"@id\":\"https:\\\/\\\/www.vallesturaexperience.it\\\/#organization\",\"name\":\"Valle Stura Experience\",\"url\":\"https:\\\/\\\/www.vallesturaexperience.it\\\/\",\"logo\":{\"@type\":\"ImageObject\",\"inLanguage\":\"fr-FR\",\"@id\":\"https:\\\/\\\/www.vallesturaexperience.it\\\/#\\\/schema\\\/logo\\\/image\\\/\",\"url\":\"https:\\\/\\\/www.vallesturaexperience.it\\\/wp-content\\\/uploads\\\/logo_valle_stura_experience.png\",\"contentUrl\":\"https:\\\/\\\/www.vallesturaexperience.it\\\/wp-content\\\/uploads\\\/logo_valle_stura_experience.png\",\"width\":263,\"height\":101,\"caption\":\"Valle Stura Experience\"},\"image\":{\"@id\":\"https:\\\/\\\/www.vallesturaexperience.it\\\/#\\\/schema\\\/logo\\\/image\\\/\"},\"sameAs\":[\"https:\\\/\\\/www.facebook.com\\\/vallesturaexperience\\\/\",\"https:\\\/\\\/www.instagram.com\\\/vallesturaexperience\\\/\"]}]}<\/script>\n<!-- \/ Yoast SEO plugin. -->","yoast_head_json":{"title":"Far na novo veio en Val Esturo - Valle Stura Experience","robots":{"index":"index","follow":"follow","max-snippet":"max-snippet:-1","max-image-preview":"max-image-preview:large","max-video-preview":"max-video-preview:-1"},"canonical":"https:\/\/www.vallesturaexperience.it\/fr\/far-na-novo-veio-en-val-esturo\/","og_locale":"fr_FR","og_type":"article","og_title":"Far na novo veio en Val Esturo - Valle Stura Experience","og_url":"https:\/\/www.vallesturaexperience.it\/fr\/far-na-novo-veio-en-val-esturo\/","og_site_name":"Valle Stura Experience","article_publisher":"https:\/\/www.facebook.com\/vallesturaexperience\/","article_modified_time":"2025-09-16T15:26:35+00:00","twitter_card":"summary_large_image","twitter_misc":{"Dur\u00e9e de lecture estim\u00e9e":"2 minutes"},"schema":{"@context":"https:\/\/schema.org","@graph":[{"@type":"WebPage","@id":"https:\/\/www.vallesturaexperience.it\/fr\/far-na-novo-veio-en-val-esturo\/","url":"https:\/\/www.vallesturaexperience.it\/fr\/far-na-novo-veio-en-val-esturo\/","name":"Far na novo veio en Val Esturo - Valle Stura Experience","isPartOf":{"@id":"https:\/\/www.vallesturaexperience.it\/#website"},"datePublished":"2023-06-30T08:37:37+00:00","dateModified":"2025-09-16T15:26:35+00:00","breadcrumb":{"@id":"https:\/\/www.vallesturaexperience.it\/fr\/far-na-novo-veio-en-val-esturo\/#breadcrumb"},"inLanguage":"fr-FR","potentialAction":[{"@type":"ReadAction","target":["https:\/\/www.vallesturaexperience.it\/fr\/far-na-novo-veio-en-val-esturo\/"]}]},{"@type":"BreadcrumbList","@id":"https:\/\/www.vallesturaexperience.it\/fr\/far-na-novo-veio-en-val-esturo\/#breadcrumb","itemListElement":[{"@type":"ListItem","position":1,"name":"Home","item":"https:\/\/www.vallesturaexperience.it\/fr\/homepage\/"},{"@type":"ListItem","position":2,"name":"Far na novo veio en Val Esturo"}]},{"@type":"WebSite","@id":"https:\/\/www.vallesturaexperience.it\/#website","url":"https:\/\/www.vallesturaexperience.it\/","name":"Valle Stura Experience","description":"il sito ufficiale di Valle Stura Experience","publisher":{"@id":"https:\/\/www.vallesturaexperience.it\/#organization"},"potentialAction":[{"@type":"SearchAction","target":{"@type":"EntryPoint","urlTemplate":"https:\/\/www.vallesturaexperience.it\/?s={search_term_string}"},"query-input":{"@type":"PropertyValueSpecification","valueRequired":true,"valueName":"search_term_string"}}],"inLanguage":"fr-FR"},{"@type":"Organization","@id":"https:\/\/www.vallesturaexperience.it\/#organization","name":"Valle Stura Experience","url":"https:\/\/www.vallesturaexperience.it\/","logo":{"@type":"ImageObject","inLanguage":"fr-FR","@id":"https:\/\/www.vallesturaexperience.it\/#\/schema\/logo\/image\/","url":"https:\/\/www.vallesturaexperience.it\/wp-content\/uploads\/logo_valle_stura_experience.png","contentUrl":"https:\/\/www.vallesturaexperience.it\/wp-content\/uploads\/logo_valle_stura_experience.png","width":263,"height":101,"caption":"Valle Stura Experience"},"image":{"@id":"https:\/\/www.vallesturaexperience.it\/#\/schema\/logo\/image\/"},"sameAs":["https:\/\/www.facebook.com\/vallesturaexperience\/","https:\/\/www.instagram.com\/vallesturaexperience\/"]}]}},"_links":{"self":[{"href":"https:\/\/www.vallesturaexperience.it\/fr\/wp-json\/wp\/v2\/pages\/5484","targetHints":{"allow":["GET"]}}],"collection":[{"href":"https:\/\/www.vallesturaexperience.it\/fr\/wp-json\/wp\/v2\/pages"}],"about":[{"href":"https:\/\/www.vallesturaexperience.it\/fr\/wp-json\/wp\/v2\/types\/page"}],"author":[{"embeddable":true,"href":"https:\/\/www.vallesturaexperience.it\/fr\/wp-json\/wp\/v2\/users\/5"}],"replies":[{"embeddable":true,"href":"https:\/\/www.vallesturaexperience.it\/fr\/wp-json\/wp\/v2\/comments?post=5484"}],"version-history":[{"count":0,"href":"https:\/\/www.vallesturaexperience.it\/fr\/wp-json\/wp\/v2\/pages\/5484\/revisions"}],"wp:attachment":[{"href":"https:\/\/www.vallesturaexperience.it\/fr\/wp-json\/wp\/v2\/media?parent=5484"}],"curies":[{"name":"wp","href":"https:\/\/api.w.org\/{rel}","templated":true}]}}