{"id":5270,"date":"2022-02-17T10:19:04","date_gmt":"2022-02-17T09:19:04","guid":{"rendered":"https:\/\/www.vallesturaexperience.it\/1747224622712?cosa_vedere=eglises-et-chapelles-de-la-vallee-de-stura"},"modified":"2025-07-04T11:57:16","modified_gmt":"2025-07-04T09:57:16","slug":"eglises-et-chapelles-de-la-vallee-de-stura","status":"publish","type":"cosa_vedere","link":"https:\/\/www.vallesturaexperience.it\/fr\/cosa_vedere\/eglises-et-chapelles-de-la-vallee-de-stura\/","title":{"rendered":"\u00c9glises et chapelles de la vall\u00e9e de Stura"},"content":{"rendered":"\n\t<div id=\"text-627873414\" class=\"text\">\n\t\t\n\n<p class=\"lead\">Un pr\u00e9cieux patrimoine spirituel<\/p>\n\n\t\t\n<style>\n#text-627873414 {\n  color: rgb(0,0,0);\n}\n#text-627873414 > * {\n  color: rgb(0,0,0);\n}\n<\/style>\n\t<\/div>\n\t\n<p align=\"justify\">Les multiples destructions caus\u00e9es par les fr\u00e9quents passages d\u2019arm\u00e9es en guerre ont compromis en partie le riche patrimoine roman et gothique pr\u00e9sent dans la vall\u00e9e.<\/p>\n<p align=\"justify\">Les \u00e9glises, au cours des si\u00e8cles pass\u00e9s point de passage et d\u2019arr\u00eat pour les p\u00e8lerins qui, depuis la Provence, rejoignaient Asti et la via Francigena del Moncenisio, ou inversement se dirigeaient vers Saint-Jacques-de-Compostelle, furent reconstruites par les abb\u00e9s b\u00e9n\u00e9dictins d\u2019Auvergne. Avec l\u2019\u00e9poque moderne, les \u00e9glises ont subi de profondes transformations et dans la vall\u00e9e, il y a eu un r\u00e9am\u00e9nagement religieux qui a encourag\u00e9 la construction de confr\u00e9ries, de sanctuaires et de chapelles. <\/p>\n<p align=\"justify\">Ces \u00e9difices sacr\u00e9s offrent aux touristes des itin\u00e9raires qui m\u00e8nent \u00e0 la d\u00e9couverte de petits tr\u00e9sors d\u2019art simple et en m\u00eame temps de coins naturalistes de grande suggestion.<\/p>\n\t<div id=\"text-1864174132\" class=\"text\">\n\t\t\n\n<h5 class=\"uppercase\">L\u2019abbaye de Saint Dalmazzo<\/h5>\n\n\t\t\n<style>\n#text-1864174132 {\n  font-size: 1.3rem;\n  color: #7a9c59;\n}\n#text-1864174132 > * {\n  color: #7a9c59;\n}\n<\/style>\n\t<\/div>\n\t\n<p align=\"justify\">L\u2019abbaye \u00e0 laquelle le Bourg doit sa formation avant m\u00eame que son nom ne soit rappel\u00e9 pour la premi\u00e8re fois au d\u00e9but du Xe si\u00e8cle, dans un acte de 902 dont on estime aujourd\u2019hui acceptable la v\u00e9racit\u00e9 historique; En effet, en 904, l\u2019\u00e9v\u00eaque d\u2019Asti transf\u00e9ra \u00e0 Quargnento les reliques du saint et de ses compagnons, et ils y rest\u00e8rent jusqu\u2019en 1174.<\/p>\n<p align=\"justify\">Au XIe si\u00e8cle, les moines reconstruisent l\u2019abbaye sur un grand plan \u00e0 cinq nefs avec trois absides, de style roman. En 1259, l\u2019abb\u00e9 et la commune de Cuneo d\u00e9cident de se placer sous le comte de Provence Charles d\u2019Anjou : la domination angevine se terminera en 1372 avec le passage d\u00e9finitif \u00e0 la Savoie. A cette phase remonte la chapelle angevine avec des sc\u00e8nes de vie et des miracles de Saint Dalmazzo.  <\/p>\n<p align=\"justify\">En 1439, l\u2019abbaye est utilis\u00e9e comme si\u00e8ge d\u2019\u00e9t\u00e9 de l\u2019\u00e9v\u00eaque de Mondovi, tandis qu\u2019en 1599, elle devient paroisse et voit l\u2019\u00e9glise r\u00e9duite \u00e0 trois nefs, obtenant dans les chapelles lat\u00e9rales ext\u00e9rieures encore existantes.<\/p>\n<p align=\"justify\">En 1636 fut r\u00e9alis\u00e9e la chapelle sup\u00e9rieure, v\u00e9ritable sanctuaire du martyr, d\u00e9cor\u00e9e de fresques et de stucs et achev\u00e9e en 1672. Est expos\u00e9 ici l\u2019os du cr\u00e2ne de Saint Dalmazzo, contenu dans un buste \u2013 reliquaire en argent, tandis que les autres restes sont conserv\u00e9s dans une caisse en bois et en fer. <\/p>\n<p align=\"justify\">L\u2019autel pr\u00e9sente une toile avec la Vierge et l\u2019Enfant v\u00e9n\u00e9r\u00e9s par les saints Dalmazzo et Biagio de l\u2019\u00e9cole pi\u00e9montaise, et le tabernacle est \u00e9galement peint avec la figure du martyr.<\/p>\n<p align=\"justify\">En 1703, la fa\u00e7ade est sur\u00e9lev\u00e9e et peinte dans le style baroque, et ainsi sont r\u00e9nov\u00e9es les chapelles lat\u00e9rales et le ma\u00eetre-autel. Pendant la R\u00e9volution fran\u00e7aise, entre 1793 et 1797, l\u2019\u00e9glise est utilis\u00e9e comme caserne pour le stockage des munitions. <\/p>\n<p align=\"justify\">La campagne exigeante de restauration de la zone presbyt\u00e9rale et dans certaines chapelles lat\u00e9rales, r\u00e9alis\u00e9es \u00e0 partir de 1995, a mis \u00e0 jour les anciennes structures abbatiales.<\/p>\n\t<div id=\"text-2818436340\" class=\"text\">\n\t\t\n\n<h5 class=\"uppercase\">La chapelle de l\u2019Assomption<\/h5>\n\n\t\t\n<style>\n#text-2818436340 {\n  font-size: 1.3rem;\n  color: #7a9c59;\n}\n#text-2818436340 > * {\n  color: #7a9c59;\n}\n<\/style>\n\t<\/div>\n\t\n<p align=\"justify\">La chapelle de l\u2019Assomption, souvent cit\u00e9e comme Madonna dell\u2019Incoronata mais localement d\u00e9finie comme \u201cla Madonna\u201d, se dresse dans la commune de Moiola et selon la tradition, elle aurait \u00e9t\u00e9 \u00e9difi\u00e9e par les b\u00e9n\u00e9dictins au XVe si\u00e8cle. Le Incoronata a \u00e9t\u00e9 construit tr\u00e8s probablement comme ex-voto pendant la peste manzonienne qui a \u00e9galement frapp\u00e9 la vall\u00e9e Stura. Celle-ci, en effet, constitue un petit sanctuaire sur le mod\u00e8le de celui de S. Anna di Vinadio, plac\u00e9 sur la cr\u00eate m\u00e9ridionale du Vallone dei Colli et recueille en son sein de nombreux petits carreaux votifs de ces deux derniers si\u00e8cles port\u00e9s jusque l\u00e0 par des moiolesi et non.  <\/p>\n<p align=\"justify\">Au XVIIIe si\u00e8cle, il a \u00e9t\u00e9 ajout\u00e9 le porche avant avec des arcs en plein cintre. Autrefois, son soin \u00e9tait confi\u00e9 \u00e0 la Confr\u00e9rie de Sainte Croix et du Saint Nom de J\u00e9sus, aujourd\u2019hui aux Massari (trois hommes et trois femmes): on y c\u00e9l\u00e8bre la f\u00eate patronale le 15 ao\u00fbt, en concomitance avec le festin de Tetti Masu\u00e8. D\u00e9but mai, on c\u00e9l\u00e8bre la traditionnelle neuvaine avec d\u00e9part \u00e0 l\u2019aube du village et mont\u00e9e \u00e0 pied en procession le long d\u2019un sentier qui serpente dans les bois.  <\/p>\n\t<div id=\"text-1928590893\" class=\"text\">\n\t\t\n\n<h5 class=\"uppercase\">Madonna del Pino<\/h5>\n\n\t\t\n<style>\n#text-1928590893 {\n  font-size: 1.3rem;\n  color: #7a9c59;\n}\n#text-1928590893 > * {\n  color: #7a9c59;\n}\n<\/style>\n\t<\/div>\n\t\n<p align=\"justify\">Le sanctuaire d\u00e9di\u00e9 \u00e0 la Nativit\u00e9 de la Vierge Marie s\u2019\u00e9l\u00e8ve au-del\u00e0 du vallon de Fedio, dans la commune de Demonte, \u00e0 Tetto del Pino. La chapelle, \u00e0 partir de 1664 jusqu\u2019\u00e0 au moins 1913, aurait \u00e9t\u00e9 la r\u00e9sidence d\u2019ermites: elle serait n\u00e9e pour demander une protection \u00e0 l\u2019occasion de la peste de 1630. <\/p>\n<p align=\"justify\">\u00c0 l\u2019int\u00e9rieur, on conserve la statue de la Vierge en bois dor\u00e9 de la seconde moiti\u00e9 du XVIIIe si\u00e8cle. En 1744, deux habitants du lieu furent enferm\u00e9s par les troupes fran\u00e7aises dans le sanctuaire, en attendant la fusillade, mais pendant la nuit ils furent miraculeusement lib\u00e9r\u00e9s par la Vierge. <\/p>\n<p align=\"justify\">Depuis 1770, une procession autour du sanctuaire avec la statue de la Vierge a lieu le 8 septembre.<\/p>\n\t<div id=\"text-4062110630\" class=\"text\">\n\t\t\n\n<h5 class=\"uppercase\">\u00c9glise de San Fiorenzo<br><\/h5>\n\n\t\t\n<style>\n#text-4062110630 {\n  font-size: 1.3rem;\n  color: #7a9c59;\n}\n#text-4062110630 > * {\n  color: #7a9c59;\n}\n<\/style>\n\t<\/div>\n\t\n<p align=\"justify\">La paroisse de Vinadio fut \u00e9rig\u00e9e en 1321 sous le pape Jean XXIII et le roi Robert d\u2019Anjou. De la structure romane, datant du XIIIe si\u00e8cle, il ne reste aujourd\u2019hui que le clocher. Il est construit en pierre locale et \u00e9tait utilis\u00e9 comme Tour Civique: le sommet a une fl\u00e8che avec une croix, tandis que la base est une fontaine. Le b\u00e2timent a \u00e9t\u00e9 remani\u00e9 plusieurs fois depuis 1468, consacr\u00e9 en 1770 par l\u2019archev\u00eaque de Turin, qui a englob\u00e9 le clocher dans la nef droite. Pendant la Seconde Guerre mondiale, il a subi quelques blessures qui ont \u00e9t\u00e9 r\u00e9par\u00e9es dans les ann\u00e9es suivantes.    <\/p>\n<p align=\"justify\">En 1986, le clocher a fait l\u2019objet d\u2019une excellente restauration; la fa\u00e7ade de l\u2019\u00e9glise est pr\u00e9c\u00e9d\u00e9e d\u2019un protiro original form\u00e9 de deux colonnes octogonales qui soutiennent une couverture crois\u00e9e. Pour sa construction, des \u00e9l\u00e9ments de r\u00e9cup\u00e9ration ont \u00e9t\u00e9 utilis\u00e9s, tels que des chapiteaux gothiques et romans sculpt\u00e9s avec le blason de la maison de Savoie, un noeud de Salomon, un loup, des spirales et des motifs v\u00e9g\u00e9taux. <\/p>\n<p align=\"justify\">De grande valeur sont le portail gothique en pierre sombre datant du d\u00e9but du 300 et l\u2019architrave soutenu par des protomes animaux repr\u00e9sentant un ours et un lion. A l\u2019int\u00e9rieur, trois nefs avec de majestueux bois de 1500 et 1600 abritent des tables et des statues d\u2019artistes locaux. <\/p>\n<p align=\"justify\">L\u2019\u00e9glise est d\u00e9di\u00e9e \u00e0 Saint Fiorenzo, moine b\u00e9n\u00e9dictin du VIIe si\u00e8cle, peut-\u00eatre parce qu\u2019elle a \u00e9t\u00e9 fond\u00e9e par les b\u00e9n\u00e9dictins qui ont v\u00e9cu jusqu\u2019\u00e0 1500 dans la vall\u00e9e.<\/p>\n<div class=\"text-center\"><div class=\"is-divider divider clearfix\" style=\"max-width:80px;background-color:rgb(0, 0, 0);\"><\/div><\/div>\n\n\n  \n    <div class=\"row large-columns-2 medium-columns- small-columns- row-small slider row-slider slider-nav-circle\"  data-flickity-options='{&quot;imagesLoaded&quot;: true, &quot;groupCells&quot;: &quot;100%&quot;, &quot;dragThreshold&quot; : 5, &quot;cellAlign&quot;: &quot;left&quot;,&quot;wrapAround&quot;: true,&quot;prevNextButtons&quot;: true,&quot;percentPosition&quot;: true,&quot;pageDots&quot;: false, &quot;rightToLeft&quot;: false, &quot;autoPlay&quot; : false}' >\n\n  <div class=\"gallery-col col\" data-animate=\"fadeInUp\">\n          <div class=\"col-inner\">\n            <a class=\"image-lightbox lightbox-gallery\" href=\"https:\/\/www.vallesturaexperience.it\/wp-content\/uploads\/vallestura-ottobre-28.jpg\" title=\"\">            <div class=\"box has-hover gallery-box box-overlay dark\">\n              <div class=\"box-image image-overlay-add image-cover\" style=\"padding-top:56.25%;\">\n                <img fetchpriority=\"high\" decoding=\"async\" width=\"300\" height=\"200\" src=\"https:\/\/www.vallesturaexperience.it\/wp-content\/uploads\/vallestura-ottobre-28.jpg\" class=\"attachment-medium size-medium\" alt=\"\" ids=\"3490,3300,3302,3292,3294,3312\" type=\"slider\" col_spacing=\"small\" columns=\"2\" animate=\"fadeInUp\" slider_nav_style=\"circle\" image_height=\"56.25%\" image_overlay=\"rgba(0, 0, 0, 0.5)\" image_hover=\"overlay-add\" srcset=\"https:\/\/www.vallesturaexperience.it\/wp-content\/uploads\/vallestura-ottobre-28.jpg 1200w, https:\/\/www.vallesturaexperience.it\/wp-content\/uploads\/vallestura-ottobre-28-510x340.jpg 510w\" sizes=\"(max-width: 300px) 100vw, 300px\" \/>                                  <div class=\"overlay fill\"\n                      style=\"background-color: rgba(0, 0, 0, 0.5)\">\n                  <\/div>\n                                                              <\/div>\n              <div class=\"box-text text-left\" >\n                 <p><\/p>\n              <\/div>\n            <\/div>\n            <\/a>          <\/div>\n         <\/div><div class=\"gallery-col col\" data-animate=\"fadeInUp\">\n          <div class=\"col-inner\">\n            <a class=\"image-lightbox lightbox-gallery\" href=\"https:\/\/www.vallesturaexperience.it\/wp-content\/uploads\/vinadio.jpg\" title=\"\">            <div class=\"box has-hover gallery-box box-overlay dark\">\n              <div class=\"box-image image-overlay-add image-cover\" style=\"padding-top:56.25%;\">\n                <img decoding=\"async\" width=\"300\" height=\"225\" src=\"https:\/\/www.vallesturaexperience.it\/wp-content\/uploads\/vinadio.jpg\" class=\"attachment-medium size-medium\" alt=\"\" ids=\"3490,3300,3302,3292,3294,3312\" type=\"slider\" col_spacing=\"small\" columns=\"2\" animate=\"fadeInUp\" slider_nav_style=\"circle\" image_height=\"56.25%\" image_overlay=\"rgba(0, 0, 0, 0.5)\" image_hover=\"overlay-add\" srcset=\"https:\/\/www.vallesturaexperience.it\/wp-content\/uploads\/vinadio.jpg 1200w, https:\/\/www.vallesturaexperience.it\/wp-content\/uploads\/vinadio-510x383.jpg 510w\" sizes=\"(max-width: 300px) 100vw, 300px\" \/>                                  <div class=\"overlay fill\"\n                      style=\"background-color: rgba(0, 0, 0, 0.5)\">\n                  <\/div>\n                                                              <\/div>\n              <div class=\"box-text text-left\" >\n                 <p><\/p>\n              <\/div>\n            <\/div>\n            <\/a>          <\/div>\n         <\/div><div class=\"gallery-col col\" data-animate=\"fadeInUp\">\n          <div class=\"col-inner\">\n            <a class=\"image-lightbox lightbox-gallery\" href=\"https:\/\/www.vallesturaexperience.it\/wp-content\/uploads\/demonte.jpg\" title=\"\">            <div class=\"box has-hover gallery-box box-overlay dark\">\n              <div class=\"box-image image-overlay-add image-cover\" style=\"padding-top:56.25%;\">\n                <img decoding=\"async\" width=\"300\" height=\"165\" src=\"https:\/\/www.vallesturaexperience.it\/wp-content\/uploads\/demonte.jpg\" class=\"attachment-medium size-medium\" alt=\"\" ids=\"3490,3300,3302,3292,3294,3312\" type=\"slider\" col_spacing=\"small\" columns=\"2\" animate=\"fadeInUp\" slider_nav_style=\"circle\" image_height=\"56.25%\" image_overlay=\"rgba(0, 0, 0, 0.5)\" image_hover=\"overlay-add\" srcset=\"https:\/\/www.vallesturaexperience.it\/wp-content\/uploads\/demonte.jpg 1200w, https:\/\/www.vallesturaexperience.it\/wp-content\/uploads\/demonte-510x281.jpg 510w\" sizes=\"(max-width: 300px) 100vw, 300px\" \/>                                  <div class=\"overlay fill\"\n                      style=\"background-color: rgba(0, 0, 0, 0.5)\">\n                  <\/div>\n                                                              <\/div>\n              <div class=\"box-text text-left\" >\n                 <p><\/p>\n              <\/div>\n            <\/div>\n            <\/a>          <\/div>\n         <\/div><div class=\"gallery-col col\" data-animate=\"fadeInUp\">\n          <div class=\"col-inner\">\n            <a class=\"image-lightbox lightbox-gallery\" href=\"https:\/\/www.vallesturaexperience.it\/wp-content\/uploads\/borgo.jpg\" title=\"\">            <div class=\"box has-hover gallery-box box-overlay dark\">\n              <div class=\"box-image image-overlay-add image-cover\" style=\"padding-top:56.25%;\">\n                <img loading=\"lazy\" decoding=\"async\" width=\"300\" height=\"226\" src=\"https:\/\/www.vallesturaexperience.it\/wp-content\/uploads\/borgo.jpg\" class=\"attachment-medium size-medium\" alt=\"\" ids=\"3490,3300,3302,3292,3294,3312\" type=\"slider\" col_spacing=\"small\" columns=\"2\" animate=\"fadeInUp\" slider_nav_style=\"circle\" image_height=\"56.25%\" image_overlay=\"rgba(0, 0, 0, 0.5)\" image_hover=\"overlay-add\" srcset=\"https:\/\/www.vallesturaexperience.it\/wp-content\/uploads\/borgo.jpg 1200w, https:\/\/www.vallesturaexperience.it\/wp-content\/uploads\/borgo-510x384.jpg 510w\" sizes=\"(max-width: 300px) 100vw, 300px\" \/>                                  <div class=\"overlay fill\"\n                      style=\"background-color: rgba(0, 0, 0, 0.5)\">\n                  <\/div>\n                                                              <\/div>\n              <div class=\"box-text text-left\" >\n                 <p><\/p>\n              <\/div>\n            <\/div>\n            <\/a>          <\/div>\n         <\/div><div class=\"gallery-col col\" data-animate=\"fadeInUp\">\n          <div class=\"col-inner\">\n            <a class=\"image-lightbox lightbox-gallery\" href=\"https:\/\/www.vallesturaexperience.it\/wp-content\/uploads\/vinadio1.jpg\" title=\"\">            <div class=\"box has-hover gallery-box box-overlay dark\">\n              <div class=\"box-image image-overlay-add image-cover\" style=\"padding-top:56.25%;\">\n                <img loading=\"lazy\" decoding=\"async\" width=\"300\" height=\"225\" src=\"https:\/\/www.vallesturaexperience.it\/wp-content\/uploads\/vinadio1.jpg\" class=\"attachment-medium size-medium\" alt=\"\" ids=\"3490,3300,3302,3292,3294,3312\" type=\"slider\" col_spacing=\"small\" columns=\"2\" animate=\"fadeInUp\" slider_nav_style=\"circle\" image_height=\"56.25%\" image_overlay=\"rgba(0, 0, 0, 0.5)\" image_hover=\"overlay-add\" srcset=\"https:\/\/www.vallesturaexperience.it\/wp-content\/uploads\/vinadio1.jpg 1200w, https:\/\/www.vallesturaexperience.it\/wp-content\/uploads\/vinadio1-510x383.jpg 510w\" sizes=\"(max-width: 300px) 100vw, 300px\" \/>                                  <div class=\"overlay fill\"\n                      style=\"background-color: rgba(0, 0, 0, 0.5)\">\n                  <\/div>\n                                                              <\/div>\n              <div class=\"box-text text-left\" >\n                 <p><\/p>\n              <\/div>\n            <\/div>\n            <\/a>          <\/div>\n         <\/div><div class=\"gallery-col col\" data-animate=\"fadeInUp\">\n          <div class=\"col-inner\">\n            <a class=\"image-lightbox lightbox-gallery\" href=\"https:\/\/www.vallesturaexperience.it\/wp-content\/uploads\/ValleStura-Winter-485.jpg\" title=\"\">            <div class=\"box has-hover gallery-box box-overlay dark\">\n              <div class=\"box-image image-overlay-add image-cover\" style=\"padding-top:56.25%;\">\n                <img loading=\"lazy\" decoding=\"async\" width=\"300\" height=\"200\" src=\"https:\/\/www.vallesturaexperience.it\/wp-content\/uploads\/ValleStura-Winter-485.jpg\" class=\"attachment-medium size-medium\" alt=\"\" ids=\"3490,3300,3302,3292,3294,3312\" type=\"slider\" col_spacing=\"small\" columns=\"2\" animate=\"fadeInUp\" slider_nav_style=\"circle\" image_height=\"56.25%\" image_overlay=\"rgba(0, 0, 0, 0.5)\" image_hover=\"overlay-add\" srcset=\"https:\/\/www.vallesturaexperience.it\/wp-content\/uploads\/ValleStura-Winter-485.jpg 1200w, https:\/\/www.vallesturaexperience.it\/wp-content\/uploads\/ValleStura-Winter-485-510x340.jpg 510w\" sizes=\"(max-width: 300px) 100vw, 300px\" \/>                                  <div class=\"overlay fill\"\n                      style=\"background-color: rgba(0, 0, 0, 0.5)\">\n                  <\/div>\n                                                              <\/div>\n              <div class=\"box-text text-left\" >\n                 <p><\/p>\n              <\/div>\n            <\/div>\n            <\/a>          <\/div>\n         <\/div><\/div>\n\n\n","protected":false},"excerpt":{"rendered":"","protected":false},"featured_media":3489,"menu_order":50,"template":"","format":"standard","categoria_cosa_vedere":[14],"class_list":["post-5270","cosa_vedere","type-cosa_vedere","status-publish","format-standard","has-post-thumbnail","hentry","categoria_cosa_vedere-paesaggi"],"acf":[],"yoast_head":"<!-- This site is optimized with the Yoast SEO plugin v27.4 - https:\/\/yoast.com\/product\/yoast-seo-wordpress\/ -->\n<title>\u00c9glises et chapelles de la vall\u00e9e de Stura - Valle Stura Experience<\/title>\n<meta name=\"robots\" content=\"index, follow, max-snippet:-1, max-image-preview:large, max-video-preview:-1\" \/>\n<link rel=\"canonical\" href=\"https:\/\/www.vallesturaexperience.it\/fr\/cosa_vedere\/eglises-et-chapelles-de-la-vallee-de-stura\/\" \/>\n<meta property=\"og:locale\" content=\"fr_FR\" \/>\n<meta property=\"og:type\" content=\"article\" \/>\n<meta property=\"og:title\" content=\"\u00c9glises et chapelles de la vall\u00e9e de Stura - Valle Stura Experience\" \/>\n<meta property=\"og:url\" content=\"https:\/\/www.vallesturaexperience.it\/fr\/cosa_vedere\/eglises-et-chapelles-de-la-vallee-de-stura\/\" \/>\n<meta property=\"og:site_name\" content=\"Valle Stura Experience\" \/>\n<meta property=\"article:publisher\" content=\"https:\/\/www.facebook.com\/vallesturaexperience\/\" \/>\n<meta property=\"article:modified_time\" content=\"2025-07-04T09:57:16+00:00\" \/>\n<meta property=\"og:image\" content=\"https:\/\/www.vallesturaexperience.it\/wp-content\/uploads\/vallestura-ottobre-315.jpg\" \/>\n\t<meta property=\"og:image:width\" content=\"1200\" \/>\n\t<meta property=\"og:image:height\" content=\"800\" \/>\n\t<meta property=\"og:image:type\" content=\"image\/jpeg\" \/>\n<meta name=\"twitter:card\" content=\"summary_large_image\" \/>\n<meta name=\"twitter:label1\" content=\"Dur\u00e9e de lecture estim\u00e9e\" \/>\n\t<meta name=\"twitter:data1\" content=\"6 minutes\" \/>\n<script type=\"application\/ld+json\" class=\"yoast-schema-graph\">{\"@context\":\"https:\\\/\\\/schema.org\",\"@graph\":[{\"@type\":\"WebPage\",\"@id\":\"https:\\\/\\\/www.vallesturaexperience.it\\\/fr\\\/cosa_vedere\\\/eglises-et-chapelles-de-la-vallee-de-stura\\\/\",\"url\":\"https:\\\/\\\/www.vallesturaexperience.it\\\/fr\\\/cosa_vedere\\\/eglises-et-chapelles-de-la-vallee-de-stura\\\/\",\"name\":\"\u00c9glises et chapelles de la vall\u00e9e de Stura - Valle Stura Experience\",\"isPartOf\":{\"@id\":\"https:\\\/\\\/www.vallesturaexperience.it\\\/#website\"},\"primaryImageOfPage\":{\"@id\":\"https:\\\/\\\/www.vallesturaexperience.it\\\/fr\\\/cosa_vedere\\\/eglises-et-chapelles-de-la-vallee-de-stura\\\/#primaryimage\"},\"image\":{\"@id\":\"https:\\\/\\\/www.vallesturaexperience.it\\\/fr\\\/cosa_vedere\\\/eglises-et-chapelles-de-la-vallee-de-stura\\\/#primaryimage\"},\"thumbnailUrl\":\"https:\\\/\\\/www.vallesturaexperience.it\\\/wp-content\\\/uploads\\\/vallestura-ottobre-315.jpg\",\"datePublished\":\"2022-02-17T09:19:04+00:00\",\"dateModified\":\"2025-07-04T09:57:16+00:00\",\"breadcrumb\":{\"@id\":\"https:\\\/\\\/www.vallesturaexperience.it\\\/fr\\\/cosa_vedere\\\/eglises-et-chapelles-de-la-vallee-de-stura\\\/#breadcrumb\"},\"inLanguage\":\"fr-FR\",\"potentialAction\":[{\"@type\":\"ReadAction\",\"target\":[\"https:\\\/\\\/www.vallesturaexperience.it\\\/fr\\\/cosa_vedere\\\/eglises-et-chapelles-de-la-vallee-de-stura\\\/\"]}]},{\"@type\":\"ImageObject\",\"inLanguage\":\"fr-FR\",\"@id\":\"https:\\\/\\\/www.vallesturaexperience.it\\\/fr\\\/cosa_vedere\\\/eglises-et-chapelles-de-la-vallee-de-stura\\\/#primaryimage\",\"url\":\"https:\\\/\\\/www.vallesturaexperience.it\\\/wp-content\\\/uploads\\\/vallestura-ottobre-315.jpg\",\"contentUrl\":\"https:\\\/\\\/www.vallesturaexperience.it\\\/wp-content\\\/uploads\\\/vallestura-ottobre-315.jpg\",\"width\":1200,\"height\":800},{\"@type\":\"BreadcrumbList\",\"@id\":\"https:\\\/\\\/www.vallesturaexperience.it\\\/fr\\\/cosa_vedere\\\/eglises-et-chapelles-de-la-vallee-de-stura\\\/#breadcrumb\",\"itemListElement\":[{\"@type\":\"ListItem\",\"position\":1,\"name\":\"Home\",\"item\":\"https:\\\/\\\/www.vallesturaexperience.it\\\/fr\\\/homepage\\\/\"},{\"@type\":\"ListItem\",\"position\":2,\"name\":\"\u00c9glises et chapelles de la vall\u00e9e de Stura\"}]},{\"@type\":\"WebSite\",\"@id\":\"https:\\\/\\\/www.vallesturaexperience.it\\\/#website\",\"url\":\"https:\\\/\\\/www.vallesturaexperience.it\\\/\",\"name\":\"Valle Stura Experience\",\"description\":\"il sito ufficiale di Valle Stura Experience\",\"publisher\":{\"@id\":\"https:\\\/\\\/www.vallesturaexperience.it\\\/#organization\"},\"potentialAction\":[{\"@type\":\"SearchAction\",\"target\":{\"@type\":\"EntryPoint\",\"urlTemplate\":\"https:\\\/\\\/www.vallesturaexperience.it\\\/?s={search_term_string}\"},\"query-input\":{\"@type\":\"PropertyValueSpecification\",\"valueRequired\":true,\"valueName\":\"search_term_string\"}}],\"inLanguage\":\"fr-FR\"},{\"@type\":\"Organization\",\"@id\":\"https:\\\/\\\/www.vallesturaexperience.it\\\/#organization\",\"name\":\"Valle Stura Experience\",\"url\":\"https:\\\/\\\/www.vallesturaexperience.it\\\/\",\"logo\":{\"@type\":\"ImageObject\",\"inLanguage\":\"fr-FR\",\"@id\":\"https:\\\/\\\/www.vallesturaexperience.it\\\/#\\\/schema\\\/logo\\\/image\\\/\",\"url\":\"https:\\\/\\\/www.vallesturaexperience.it\\\/wp-content\\\/uploads\\\/logo_valle_stura_experience.png\",\"contentUrl\":\"https:\\\/\\\/www.vallesturaexperience.it\\\/wp-content\\\/uploads\\\/logo_valle_stura_experience.png\",\"width\":263,\"height\":101,\"caption\":\"Valle Stura Experience\"},\"image\":{\"@id\":\"https:\\\/\\\/www.vallesturaexperience.it\\\/#\\\/schema\\\/logo\\\/image\\\/\"},\"sameAs\":[\"https:\\\/\\\/www.facebook.com\\\/vallesturaexperience\\\/\",\"https:\\\/\\\/www.instagram.com\\\/vallesturaexperience\\\/\"]}]}<\/script>\n<!-- \/ Yoast SEO plugin. -->","yoast_head_json":{"title":"\u00c9glises et chapelles de la vall\u00e9e de Stura - Valle Stura Experience","robots":{"index":"index","follow":"follow","max-snippet":"max-snippet:-1","max-image-preview":"max-image-preview:large","max-video-preview":"max-video-preview:-1"},"canonical":"https:\/\/www.vallesturaexperience.it\/fr\/cosa_vedere\/eglises-et-chapelles-de-la-vallee-de-stura\/","og_locale":"fr_FR","og_type":"article","og_title":"\u00c9glises et chapelles de la vall\u00e9e de Stura - Valle Stura Experience","og_url":"https:\/\/www.vallesturaexperience.it\/fr\/cosa_vedere\/eglises-et-chapelles-de-la-vallee-de-stura\/","og_site_name":"Valle Stura Experience","article_publisher":"https:\/\/www.facebook.com\/vallesturaexperience\/","article_modified_time":"2025-07-04T09:57:16+00:00","og_image":[{"width":1200,"height":800,"url":"https:\/\/www.vallesturaexperience.it\/wp-content\/uploads\/vallestura-ottobre-315.jpg","type":"image\/jpeg"}],"twitter_card":"summary_large_image","twitter_misc":{"Dur\u00e9e de lecture estim\u00e9e":"6 minutes"},"schema":{"@context":"https:\/\/schema.org","@graph":[{"@type":"WebPage","@id":"https:\/\/www.vallesturaexperience.it\/fr\/cosa_vedere\/eglises-et-chapelles-de-la-vallee-de-stura\/","url":"https:\/\/www.vallesturaexperience.it\/fr\/cosa_vedere\/eglises-et-chapelles-de-la-vallee-de-stura\/","name":"\u00c9glises et chapelles de la vall\u00e9e de Stura - Valle Stura Experience","isPartOf":{"@id":"https:\/\/www.vallesturaexperience.it\/#website"},"primaryImageOfPage":{"@id":"https:\/\/www.vallesturaexperience.it\/fr\/cosa_vedere\/eglises-et-chapelles-de-la-vallee-de-stura\/#primaryimage"},"image":{"@id":"https:\/\/www.vallesturaexperience.it\/fr\/cosa_vedere\/eglises-et-chapelles-de-la-vallee-de-stura\/#primaryimage"},"thumbnailUrl":"https:\/\/www.vallesturaexperience.it\/wp-content\/uploads\/vallestura-ottobre-315.jpg","datePublished":"2022-02-17T09:19:04+00:00","dateModified":"2025-07-04T09:57:16+00:00","breadcrumb":{"@id":"https:\/\/www.vallesturaexperience.it\/fr\/cosa_vedere\/eglises-et-chapelles-de-la-vallee-de-stura\/#breadcrumb"},"inLanguage":"fr-FR","potentialAction":[{"@type":"ReadAction","target":["https:\/\/www.vallesturaexperience.it\/fr\/cosa_vedere\/eglises-et-chapelles-de-la-vallee-de-stura\/"]}]},{"@type":"ImageObject","inLanguage":"fr-FR","@id":"https:\/\/www.vallesturaexperience.it\/fr\/cosa_vedere\/eglises-et-chapelles-de-la-vallee-de-stura\/#primaryimage","url":"https:\/\/www.vallesturaexperience.it\/wp-content\/uploads\/vallestura-ottobre-315.jpg","contentUrl":"https:\/\/www.vallesturaexperience.it\/wp-content\/uploads\/vallestura-ottobre-315.jpg","width":1200,"height":800},{"@type":"BreadcrumbList","@id":"https:\/\/www.vallesturaexperience.it\/fr\/cosa_vedere\/eglises-et-chapelles-de-la-vallee-de-stura\/#breadcrumb","itemListElement":[{"@type":"ListItem","position":1,"name":"Home","item":"https:\/\/www.vallesturaexperience.it\/fr\/homepage\/"},{"@type":"ListItem","position":2,"name":"\u00c9glises et chapelles de la vall\u00e9e de Stura"}]},{"@type":"WebSite","@id":"https:\/\/www.vallesturaexperience.it\/#website","url":"https:\/\/www.vallesturaexperience.it\/","name":"Valle Stura Experience","description":"il sito ufficiale di Valle Stura Experience","publisher":{"@id":"https:\/\/www.vallesturaexperience.it\/#organization"},"potentialAction":[{"@type":"SearchAction","target":{"@type":"EntryPoint","urlTemplate":"https:\/\/www.vallesturaexperience.it\/?s={search_term_string}"},"query-input":{"@type":"PropertyValueSpecification","valueRequired":true,"valueName":"search_term_string"}}],"inLanguage":"fr-FR"},{"@type":"Organization","@id":"https:\/\/www.vallesturaexperience.it\/#organization","name":"Valle Stura Experience","url":"https:\/\/www.vallesturaexperience.it\/","logo":{"@type":"ImageObject","inLanguage":"fr-FR","@id":"https:\/\/www.vallesturaexperience.it\/#\/schema\/logo\/image\/","url":"https:\/\/www.vallesturaexperience.it\/wp-content\/uploads\/logo_valle_stura_experience.png","contentUrl":"https:\/\/www.vallesturaexperience.it\/wp-content\/uploads\/logo_valle_stura_experience.png","width":263,"height":101,"caption":"Valle Stura Experience"},"image":{"@id":"https:\/\/www.vallesturaexperience.it\/#\/schema\/logo\/image\/"},"sameAs":["https:\/\/www.facebook.com\/vallesturaexperience\/","https:\/\/www.instagram.com\/vallesturaexperience\/"]}]}},"_links":{"self":[{"href":"https:\/\/www.vallesturaexperience.it\/fr\/wp-json\/wp\/v2\/cosa_vedere\/5270","targetHints":{"allow":["GET"]}}],"collection":[{"href":"https:\/\/www.vallesturaexperience.it\/fr\/wp-json\/wp\/v2\/cosa_vedere"}],"about":[{"href":"https:\/\/www.vallesturaexperience.it\/fr\/wp-json\/wp\/v2\/types\/cosa_vedere"}],"wp:featuredmedia":[{"embeddable":true,"href":"https:\/\/www.vallesturaexperience.it\/fr\/wp-json\/wp\/v2\/media\/3489"}],"wp:attachment":[{"href":"https:\/\/www.vallesturaexperience.it\/fr\/wp-json\/wp\/v2\/media?parent=5270"}],"wp:term":[{"taxonomy":"categoria_cosa_vedere","embeddable":true,"href":"https:\/\/www.vallesturaexperience.it\/fr\/wp-json\/wp\/v2\/categoria_cosa_vedere?post=5270"}],"curies":[{"name":"wp","href":"https:\/\/api.w.org\/{rel}","templated":true}]}}