{"id":5265,"date":"2022-02-02T11:40:32","date_gmt":"2022-02-02T10:40:32","guid":{"rendered":"https:\/\/www.vallesturaexperience.it\/1747224622712?cosa_vedere=les-lieux-de-la-memoire"},"modified":"2025-08-18T10:27:13","modified_gmt":"2025-08-18T08:27:13","slug":"les-lieux-de-la-memoire","status":"publish","type":"cosa_vedere","link":"https:\/\/www.vallesturaexperience.it\/fr\/cosa_vedere\/les-lieux-de-la-memoire\/","title":{"rendered":"Les lieux de la M\u00e9moire"},"content":{"rendered":"\n\t<div id=\"text-2868090626\" class=\"text\">\n\t\t\n\n<p class=\"lead\">Un parcours dans l\u2019histoire de la R\u00e9sistance<\/p>\n\t\t\n<style>\n#text-2868090626 {\n  color: rgb(0,0,0);\n}\n#text-2868090626 > * {\n  color: rgb(0,0,0);\n}\n<\/style>\n\t<\/div>\n\t\n\t<div id=\"text-1768120305\" class=\"text\">\n\t\t\n\n<h5 class=\"uppercase\">Borgo San Dalmazzo et la d\u00e9portation des Juifs<\/h5>\n\t\t\n<style>\n#text-1768120305 {\n  font-size: 1.3rem;\n  color: #7a9c59;\n}\n#text-1768120305 > * {\n  color: #7a9c59;\n}\n<\/style>\n\t<\/div>\n\t\n<h4 class=\"western\" align=\"justify\"><strong>Le camp de d\u00e9tention<\/strong><\/h4>\n<p align=\"justify\">Pendant la Seconde Guerre mondiale, le territoire de <strong>Borgo S.Dalmazzo<\/strong> fut au centre des \u00e9v\u00e9nements de la guerre.<\/p>\n<p align=\"justify\">Apr\u00e8s l\u2019armistice, un camp de rassemblement destin\u00e9 aux Juifs \u00e9tait actif dans la ville. Le camp fut cr\u00e9\u00e9 le 18 septembre 1943 par les Allemands pour interner tous les \u00e9trangers pr\u00e9sents sur le territoire : il s\u2019agissait d\u2019environ 800 r\u00e9fugi\u00e9s juifs qui avaient quitt\u00e9 <strong>Saint-Martin-V\u00e9subie<\/strong> en franchissant la fronti\u00e8re en esp\u00e9rant trouver refuge en Italie. \u00c0 leur arriv\u00e9e en Italie, ils furent surpris par les SS allemands qui en captur\u00e8rent plus de 300. Beaucoup s\u2019enfuirent gr\u00e2ce \u00e0 l\u2019engagement de <strong>Don Raimondo<\/strong> Viale et <strong>Don Francesco Brondello<\/strong>, tandis que les prisonniers furent enferm\u00e9s dans l\u2019ancienne caserne des Alpins et transf\u00e9r\u00e9s ensuite \u00e0 Auschwitz.   <\/p>\n<p align=\"justify\">Aujourd\u2019hui de la structure originelle du camp il ne reste que l\u2019arc d\u2019entr\u00e9e, la cour int\u00e9rieure et une salle destin\u00e9e aux r\u00e9unions, \u00e0 l\u2019int\u00e9rieur de laquelle des panneaux illustrent ces \u00e9pisodes drastiques.<\/p>\n<h4 class=\"western\" align=\"justify\"><b>Le m\u00e9morial de la D\u00e9portation<\/b><\/h4>\n<p align=\"justify\">Le 21 novembre 1943, \u00e0 la gare de Borgo, plus de 300 personnes (hommes, femmes, enfants) juives fuyant la France sont embarqu\u00e9es dans des wagons de marchandises et conduites d\u2019abord au camp de <strong>Drancy<\/strong> pr\u00e8s de Paris, puis \u00e0 Auschwitz. Apr\u00e8s quelques mois, d\u2019autres Juifs furent d\u00e9port\u00e9s de cette station \u00e0 <strong>Fossoli di Carpi<\/strong> puis \u00e0 Auschwitz: seulement deux d\u2019entre eux ont surv\u00e9cu. <\/p>\n<p align=\"justify\">Pour rappeler cette affaire, \u00e0 la gare a \u00e9t\u00e9 r\u00e9alis\u00e9e une installation avec les wagons utilis\u00e9s pour la d\u00e9portation, visitables et accompagn\u00e9s de panneaux. Sur la place \u00e0 c\u00f4t\u00e9 des voies ferr\u00e9es sont rappel\u00e9s tous ces prisonniers: des silhouettes en acier pour les noms de ceux qui sont revenus, tandis que les 355 qui sont morts dans les chefs d\u2019extermination sont symboliquement grav\u00e9s sur des dalles fix\u00e9es au sol. <\/p>\n\t<div id=\"text-2190306240\" class=\"text\">\n\t\t\n\n<h5 class=\"uppercase\">Pour info<\/h5>\n\t\t\n<style>\n#text-2190306240 {\n  font-size: 1.3rem;\n  color: #7a9c59;\n}\n#text-2190306240 > * {\n  color: #7a9c59;\n}\n<\/style>\n\t<\/div>\n\t\n<p><a href=\"https:\/\/www.visitstura.it\/cultura-e-arte\/attrattive\/luoghi-della-memoria\/borgo-san-dalmazzo-memoriale-della-deportazione\/\" target=\"_blank\" rel=\"noopener\">https:\/\/memoranea.it\/luoghi\/piemonte-cn-borgo-san-dalmazzo-memoriale-della-deportazione<\/a><\/p>\n<div class=\"nascondi\">\n<a href=\"https:\/\/api.whatsapp.com\/message\/5HGVT72MCMNQJ1?autoload=1&amp;app_absent=0\" target=\"_blank\" rel=\"noopener\">+39 0171754111<\/a> (Comune di Borgo S. Dalmazzo)<\/div>\n<div class=\"nascondi\"><i class=\"fa fa-phone\"><\/i><span class=\"telefono2\">+39 <a href=\"https:\/\/api.whatsapp.com\/message\/5HGVT72MCMNQJ1?autoload=1&amp;app_absent=0\" target=\"_blank\" rel=\"noopener\">0171266080 <\/a>(ufficio turistico)<\/span><\/div>\n<div class=\"nascondi\"><i class=\"fa fa-at\"><\/i><a href=\"mailto:info@fierafredda.it\" target=\"_blank\" rel=\"noopener\"> info@fierafredda.it<\/a><\/div>\n<div class=\"nascondi\"><i class=\"fa fa-at\"><\/i><a href=\"mailto:info@comune.borgosandalmazzo.cn.it\" target=\"_blank\" rel=\"noopener\"> info@comune.borgosandalmazzo.cn.it<\/a><\/div>\n<p> <\/p>\n\t<div id=\"text-3767133344\" class=\"text\">\n\t\t\n\n<h5 class=\"uppercase\">Hameau de Paraloup<\/h5>\n\t\t\n<style>\n#text-3767133344 {\n  font-size: 1.3rem;\n  color: #7a9c59;\n}\n#text-3767133344 > * {\n  color: #7a9c59;\n}\n<\/style>\n\t<\/div>\n\t\n<p align=\"justify\">Le hameau de <strong>Paraloup<\/strong> s\u2019\u00e9l\u00e8ve \u00e0 1360 m, dans la commune de Rittana, dans une position panoramique mais si isol\u00e9e qu\u2019elle doit \u00eatre \u201c<em>d\u00e9fendue contre les loups<\/em>\u201c, comme le sugg\u00e8re le toponyme. Il se trouve \u00e0 l\u2019int\u00e9rieur d\u2019un r\u00e9seau dense de sentiers et de petits chemins muletiers qui relient les diff\u00e9rentes bourgades, les m\u00eames qui \u00e9taient parcourues par les montagnards et les partisans et qui sont aujourd\u2019hui parcourues \u00e0 pied, en v\u00e9lo, \u00e0 cheval ou en raquettes et en hiver. <\/p>\n<p align=\"justify\">Dans ce lieu, entre l\u2019automne 1943 et 1944, la premi\u00e8re bande partisane de \u201c<em>Justice et Libert\u00e9<\/em>\u201d, dans laquelle ont combattu les commandants <strong>Duccio Galimberti, Dante Livio Bianco, Nuto Revelli et Michele Berra, s\u2019est r\u00e9unie<\/strong>.<\/p>\n<p align=\"justify\">Depuis quelques ann\u00e9es, gr\u00e2ce \u00e0 la Fondation Nuto Revelli, Paraloup est revenu \u00e0 la vie et \u00e0 \u00eatre un lieu de m\u00e9moire qui raconte la guerre des partisans et la vie rurale.<\/p>\n<p align=\"justify\">Parmi les <b>sentiers partisans<\/b>, il y a les chemins appel\u00e9s le \u201c<em>Sentiero della Libert\u00e0<\/em>\u201c, le \u201c<em>Via della Resistenza<\/em>\u201d et \u201c<em>MigraTour<\/em>\u201c.<\/p>\n<p align=\"justify\">Le \u201cSentiero della Libert\u00e0\u201d part de <strong>Madonna del Colletto<\/strong> dans la Vall\u00e9e Gesso, passe \u00e0 <strong>Festiona<\/strong>, traverse le fleuve Stura et arrive \u00e0 Valloriate et Paraloup pour ensuite continuer vers San Matteo in Valle Grana, retra\u00e7ant le parcours de la bande partisane Italia Libera.<\/p>\n<p align=\"justify\">La \u201cVia della Resistenza\u201d est le sentier qui unit Borgata Paraloup et <strong>Chiotti de Valloriate<\/strong>.<\/p>\n<p align=\"justify\">\u201cMigraTour\u201d est un itin\u00e9raire transfrontalier reliant Caraglio \u00e0 <strong>Barcelonnette<\/strong>. Il s\u2019agit d\u2019un voyage constitu\u00e9 de neuf \u00e9tapes, sur les traces des gens qui traversaient les montagnes \u00e0 la recherche de fortune, un voyage dans la m\u00e9moire avec un th\u00e8me commun: celui de l\u2019\u00e9migration, de l\u2019abandon et du retour \u00e0 la montagne. <\/p>\n\t<div id=\"text-2840563383\" class=\"text\">\n\t\t\n\n<h5 class=\"uppercase\">Pour info<\/h5>\n\t\t\n<style>\n#text-2840563383 {\n  font-size: 1.3rem;\n  color: #7a9c59;\n}\n#text-2840563383 > * {\n  color: #7a9c59;\n}\n<\/style>\n\t<\/div>\n\t\n<p><a href=\"https:\/\/paraloup.it\/\" target=\"_blank\" rel=\"noopener\">www.paraloup.it<\/a><br>Tel <strong><a href=\"tel:+393496397386\" target=\"_blank\" rel=\"noopener\">+39 3496397386<\/a><br><\/strong><a href=\"http:\/\/www.filatoiocaraglio.it\/migraction\">www.filatoiocaraglio.it\/migraction<\/a><\/p>\n\t<div id=\"text-3926574383\" class=\"text\">\n\t\t\n\n<h5 class=\"uppercase\">MUS\u00c9ES DE VALLORIATE<\/h5>\n\n\t\t\n<style>\n#text-3926574383 {\n  font-size: 1.3rem;\n  color: #7a9c59;\n}\n#text-3926574383 > * {\n  color: #7a9c59;\n}\n<\/style>\n\t<\/div>\n\t\n<h5 class=\"uppercase\">Le Mus\u00e9e de la Guerre et de la R\u00e9sistance<\/h5>\n<p align=\"justify\">Inaugur\u00e9 en 2008, avec si\u00e8ge dans la Commune, c\u2019est une \u00e9tape du \u201c<em>Museo Diffuso della Memoria e degli Ambienti Montanari e Partigiani<\/em>\u201c. Le mus\u00e9e propose, \u00e0 travers des panneaux et des photographies, un parcours de r\u00e9flexion sur les cons\u00e9quences de la Seconde Guerre mondiale sur le territoire de la Vall\u00e9e Stura. C\u2019est ainsi que sont retrac\u00e9es les guerres fascistes avec les attaques contre la France, la Gr\u00e8ce et la Russie entre 1940 et 1943, et les vingt mois de guerre partisane jusqu\u2019\u00e0 la <strong>Lib\u00e9ration<\/strong>. Avec la Banda \u201c<em>Italia Libera<\/em>\u201d na\u00eet le noyau dirigeant des futures formations GL, et les habitants de Valloriate <strong>Gino Renaudo<\/strong> (mort au combat dans la Valle Grana en 1945) et <strong>Nino Monaco<\/strong> (ensuite auteur du volume \u201cPiet\u00e0 l\u2019\u00e8 morte\u201d) sont devenus des personnalit\u00e9s importantes dans l\u2019organisation militaire de la R\u00e9sistance. <strong>Michelangelo Berardengo<\/strong>, \u00e0 qui est d\u00e9di\u00e9e la place de la mairie, deviendra partisan puis maire du village pendant plusieurs ann\u00e9es. Au-dessus de la porte d\u2019entr\u00e9e du mus\u00e9e, une plaque contient la liste des habitants de Valloriate tomb\u00e9s pendant la guerre.     <\/p>\n<h5 class=\"uppercase\">Le Mus\u00e9e diffus de la m\u00e9moire des milieux montagnards<\/h5>\n<p>Ce mus\u00e9e diffus na\u00eet de la rencontre de plusieurs r\u00e9alit\u00e9s: le Mus\u00e9e \u201c<a href=\"https:\/\/www.visitstura.it\/cultura-e-arte\/attrattive\/musei\/valloriate-museo-guerra-e-resistenza-in-valle-stura\/\"><em>Guerra e Resistenza in Valle Stura<\/em><\/a>\u201d et un am\u00e9nagement ethnographique plac\u00e9 dans la Mairie, \u201c<em>Valle Stura in guerra 1940\/1945<\/em>\u201c, d\u2019objets et instruments de la vie paysanne et montagnarde. Plus vaste est le dernier environnement \u201cmus\u00e9al\u201d, celui du paysage naturel et humain construit par les bourgades, les r\u00e9seaux de sentiers et les points d\u2019eau, ainsi que par les sommets Tajar\u00e8, Alpe, Beccas del Mezzod\u00ec, o\u00f9 l\u2019on retrace les \u00e9v\u00e9nements de la civilisation montagnarde et de la R\u00e9sistance. Le Mus\u00e9e diffus\u00e9 a pour but de favoriser la \u201clecture\u201d de ces lieux \u00e0 travers des points d\u2019information r\u00e9partis sur le territoire. <\/p>\n\t<div id=\"text-2364157958\" class=\"text\">\n\t\t\n\n<h5 class=\"uppercase\">Pour info<\/h5>\n\t\t\n<style>\n#text-2364157958 {\n  font-size: 1.3rem;\n  color: #7a9c59;\n}\n#text-2364157958 > * {\n  color: #7a9c59;\n}\n<\/style>\n\t<\/div>\n\t\n<div id=\"text-2665307750\" class=\"text\">\n<h5 class=\"uppercase\">ADRESSE<\/h5>\n<\/div>\n<p><a href=\"https:\/\/www.comune.valloriate.cn.it\/\" target=\"_blank\" rel=\"noopener\">Comune Valloriate<\/a><br>Piazza Michelangelo Berardengo, 1<\/p>\n<div id=\"text-2939605312\" class=\"text\">\n<h5 class=\"uppercase\">OUVERTURE<\/h5>\n<\/div>\n<p>Lundi-Vendredi 08.00-13.00<br>Samedi, Dimanche et apr\u00e8s-midi sur r\u00e9servation<\/p>\n<div id=\"text-132278218\" class=\"text\">\n<h5 class=\"uppercase\">ENTR\u00c9E GRATUITE<\/h5>\n<\/div>\n<div id=\"text-161354169\" class=\"text\">\n<h5 class=\"uppercase\">INFO et CONTACTS<\/h5>\n<\/div>\n<p><a href=\"https:\/\/www.comune.valloriate.cn.it\/\" target=\"_blank\" rel=\"noopener\">Comune di Valloriate<\/a><br>Piazza Michelangelo Berardengo, 1<br>Tel: +39 0171 72977<br>E-mail: <a title=\"Envoyer un e-mail \u00e0 valloriate@vallestura.cn.it\" href=\"mailto:valloriate@vallestura.cn.it\" target=\"_blank\" rel=\"noopener\">valloriate@vallestura.cn.it<\/a><\/p>\n<div class=\"text-center\"><div class=\"is-divider divider clearfix\" style=\"max-width:80px;background-color:rgb(0, 0, 0);\"><\/div><\/div>\n\n\n  \n    <div class=\"row large-columns-2 medium-columns- small-columns- row-small slider row-slider slider-nav-circle\"  data-flickity-options='{&quot;imagesLoaded&quot;: true, &quot;groupCells&quot;: &quot;100%&quot;, &quot;dragThreshold&quot; : 5, &quot;cellAlign&quot;: &quot;left&quot;,&quot;wrapAround&quot;: true,&quot;prevNextButtons&quot;: true,&quot;percentPosition&quot;: true,&quot;pageDots&quot;: false, &quot;rightToLeft&quot;: false, &quot;autoPlay&quot; : false}' >\n\n  <div class=\"gallery-col col\" data-animate=\"fadeInUp\">\n          <div class=\"col-inner\">\n            <a class=\"image-lightbox lightbox-gallery\" href=\"https:\/\/www.vallesturaexperience.it\/wp-content\/uploads\/ValleStura-Tajar\u00e8-31-1024x682.jpg\" title=\"\">            <div class=\"box has-hover gallery-box box-overlay dark\">\n              <div class=\"box-image image-overlay-add image-cover\" style=\"padding-top:56.25%;\">\n                <img fetchpriority=\"high\" decoding=\"async\" width=\"300\" height=\"200\" src=\"https:\/\/www.vallesturaexperience.it\/wp-content\/uploads\/ValleStura-Tajar\u00e8-31-300x200.jpg\" class=\"attachment-medium size-medium\" alt=\"\" ids=\"3485,3486,3167,3169,3170\" type=\"slider\" col_spacing=\"small\" columns=\"2\" animate=\"fadeInUp\" slider_nav_style=\"circle\" image_height=\"56.25%\" image_overlay=\"rgba(0, 0, 0, 0.5)\" image_hover=\"overlay-add\" srcset=\"https:\/\/www.vallesturaexperience.it\/wp-content\/uploads\/ValleStura-Tajar\u00e8-31-300x200.jpg 300w, https:\/\/www.vallesturaexperience.it\/wp-content\/uploads\/ValleStura-Tajar\u00e8-31-510x340.jpg 510w, https:\/\/www.vallesturaexperience.it\/wp-content\/uploads\/ValleStura-Tajar\u00e8-31-768x511.jpg 768w, https:\/\/www.vallesturaexperience.it\/wp-content\/uploads\/ValleStura-Tajar\u00e8-31-1024x682.jpg 1024w, https:\/\/www.vallesturaexperience.it\/wp-content\/uploads\/ValleStura-Tajar\u00e8-31-464x309.jpg 464w, https:\/\/www.vallesturaexperience.it\/wp-content\/uploads\/ValleStura-Tajar\u00e8-31.jpg 1200w\" sizes=\"(max-width: 300px) 100vw, 300px\" \/>                                  <div class=\"overlay fill\"\n                      style=\"background-color: rgba(0, 0, 0, 0.5)\">\n                  <\/div>\n                                                              <\/div>\n              <div class=\"box-text text-left\" >\n                 <p><\/p>\n              <\/div>\n            <\/div>\n            <\/a>          <\/div>\n         <\/div><div class=\"gallery-col col\" data-animate=\"fadeInUp\">\n          <div class=\"col-inner\">\n            <a class=\"image-lightbox lightbox-gallery\" href=\"https:\/\/www.vallesturaexperience.it\/wp-content\/uploads\/ValleStura-Tajar\u00e8-39-1024x683.jpg\" title=\"\">            <div class=\"box has-hover gallery-box box-overlay dark\">\n              <div class=\"box-image image-overlay-add image-cover\" style=\"padding-top:56.25%;\">\n                <img decoding=\"async\" width=\"300\" height=\"200\" src=\"https:\/\/www.vallesturaexperience.it\/wp-content\/uploads\/ValleStura-Tajar\u00e8-39-300x200.jpg\" class=\"attachment-medium size-medium\" alt=\"\" ids=\"3485,3486,3167,3169,3170\" type=\"slider\" col_spacing=\"small\" columns=\"2\" animate=\"fadeInUp\" slider_nav_style=\"circle\" image_height=\"56.25%\" image_overlay=\"rgba(0, 0, 0, 0.5)\" image_hover=\"overlay-add\" srcset=\"https:\/\/www.vallesturaexperience.it\/wp-content\/uploads\/ValleStura-Tajar\u00e8-39-300x200.jpg 300w, https:\/\/www.vallesturaexperience.it\/wp-content\/uploads\/ValleStura-Tajar\u00e8-39-510x340.jpg 510w, https:\/\/www.vallesturaexperience.it\/wp-content\/uploads\/ValleStura-Tajar\u00e8-39-768x512.jpg 768w, https:\/\/www.vallesturaexperience.it\/wp-content\/uploads\/ValleStura-Tajar\u00e8-39-1024x683.jpg 1024w, https:\/\/www.vallesturaexperience.it\/wp-content\/uploads\/ValleStura-Tajar\u00e8-39-464x309.jpg 464w, https:\/\/www.vallesturaexperience.it\/wp-content\/uploads\/ValleStura-Tajar\u00e8-39.jpg 1200w\" sizes=\"(max-width: 300px) 100vw, 300px\" \/>                                  <div class=\"overlay fill\"\n                      style=\"background-color: rgba(0, 0, 0, 0.5)\">\n                  <\/div>\n                                                              <\/div>\n              <div class=\"box-text text-left\" >\n                 <p><\/p>\n              <\/div>\n            <\/div>\n            <\/a>          <\/div>\n         <\/div><div class=\"gallery-col col\" data-animate=\"fadeInUp\">\n          <div class=\"col-inner\">\n            <a class=\"image-lightbox lightbox-gallery\" href=\"https:\/\/www.vallesturaexperience.it\/wp-content\/uploads\/borgo2-1024x768.jpg\" title=\"\">            <div class=\"box has-hover gallery-box box-overlay dark\">\n              <div class=\"box-image image-overlay-add image-cover\" style=\"padding-top:56.25%;\">\n                <img decoding=\"async\" width=\"300\" height=\"225\" src=\"https:\/\/www.vallesturaexperience.it\/wp-content\/uploads\/borgo2-300x225.jpg\" class=\"attachment-medium size-medium\" alt=\"\" ids=\"3485,3486,3167,3169,3170\" type=\"slider\" col_spacing=\"small\" columns=\"2\" animate=\"fadeInUp\" slider_nav_style=\"circle\" image_height=\"56.25%\" image_overlay=\"rgba(0, 0, 0, 0.5)\" image_hover=\"overlay-add\" srcset=\"https:\/\/www.vallesturaexperience.it\/wp-content\/uploads\/borgo2-300x225.jpg 300w, https:\/\/www.vallesturaexperience.it\/wp-content\/uploads\/borgo2-510x383.jpg 510w, https:\/\/www.vallesturaexperience.it\/wp-content\/uploads\/borgo2-768x576.jpg 768w, https:\/\/www.vallesturaexperience.it\/wp-content\/uploads\/borgo2-1024x768.jpg 1024w, https:\/\/www.vallesturaexperience.it\/wp-content\/uploads\/borgo2.jpg 1200w\" sizes=\"(max-width: 300px) 100vw, 300px\" \/>                                  <div class=\"overlay fill\"\n                      style=\"background-color: rgba(0, 0, 0, 0.5)\">\n                  <\/div>\n                                                              <\/div>\n              <div class=\"box-text text-left\" >\n                 <p><\/p>\n              <\/div>\n            <\/div>\n            <\/a>          <\/div>\n         <\/div><div class=\"gallery-col col\" data-animate=\"fadeInUp\">\n          <div class=\"col-inner\">\n            <a class=\"image-lightbox lightbox-gallery\" href=\"https:\/\/www.vallesturaexperience.it\/wp-content\/uploads\/borgo1-1024x768.jpg\" title=\"\">            <div class=\"box has-hover gallery-box box-overlay dark\">\n              <div class=\"box-image image-overlay-add image-cover\" style=\"padding-top:56.25%;\">\n                <img loading=\"lazy\" decoding=\"async\" width=\"300\" height=\"225\" src=\"https:\/\/www.vallesturaexperience.it\/wp-content\/uploads\/borgo1-300x225.jpg\" class=\"attachment-medium size-medium\" alt=\"\" ids=\"3485,3486,3167,3169,3170\" type=\"slider\" col_spacing=\"small\" columns=\"2\" animate=\"fadeInUp\" slider_nav_style=\"circle\" image_height=\"56.25%\" image_overlay=\"rgba(0, 0, 0, 0.5)\" image_hover=\"overlay-add\" srcset=\"https:\/\/www.vallesturaexperience.it\/wp-content\/uploads\/borgo1-300x225.jpg 300w, https:\/\/www.vallesturaexperience.it\/wp-content\/uploads\/borgo1-510x383.jpg 510w, https:\/\/www.vallesturaexperience.it\/wp-content\/uploads\/borgo1-768x576.jpg 768w, https:\/\/www.vallesturaexperience.it\/wp-content\/uploads\/borgo1-1024x768.jpg 1024w, https:\/\/www.vallesturaexperience.it\/wp-content\/uploads\/borgo1.jpg 1200w\" sizes=\"(max-width: 300px) 100vw, 300px\" \/>                                  <div class=\"overlay fill\"\n                      style=\"background-color: rgba(0, 0, 0, 0.5)\">\n                  <\/div>\n                                                              <\/div>\n              <div class=\"box-text text-left\" >\n                 <p><\/p>\n              <\/div>\n            <\/div>\n            <\/a>          <\/div>\n         <\/div><div class=\"gallery-col col\" data-animate=\"fadeInUp\">\n          <div class=\"col-inner\">\n            <a class=\"image-lightbox lightbox-gallery\" href=\"https:\/\/www.vallesturaexperience.it\/wp-content\/uploads\/borgo2-1-1024x678.jpg\" title=\"\">            <div class=\"box has-hover gallery-box box-overlay dark\">\n              <div class=\"box-image image-overlay-add image-cover\" style=\"padding-top:56.25%;\">\n                <img loading=\"lazy\" decoding=\"async\" width=\"300\" height=\"199\" src=\"https:\/\/www.vallesturaexperience.it\/wp-content\/uploads\/borgo2-1-300x199.jpg\" class=\"attachment-medium size-medium\" alt=\"\" ids=\"3485,3486,3167,3169,3170\" type=\"slider\" col_spacing=\"small\" columns=\"2\" animate=\"fadeInUp\" slider_nav_style=\"circle\" image_height=\"56.25%\" image_overlay=\"rgba(0, 0, 0, 0.5)\" image_hover=\"overlay-add\" srcset=\"https:\/\/www.vallesturaexperience.it\/wp-content\/uploads\/borgo2-1-300x199.jpg 300w, https:\/\/www.vallesturaexperience.it\/wp-content\/uploads\/borgo2-1-510x337.jpg 510w, https:\/\/www.vallesturaexperience.it\/wp-content\/uploads\/borgo2-1-768x508.jpg 768w, https:\/\/www.vallesturaexperience.it\/wp-content\/uploads\/borgo2-1-1024x678.jpg 1024w, https:\/\/www.vallesturaexperience.it\/wp-content\/uploads\/borgo2-1-464x309.jpg 464w, https:\/\/www.vallesturaexperience.it\/wp-content\/uploads\/borgo2-1.jpg 1200w\" sizes=\"(max-width: 300px) 100vw, 300px\" \/>                                  <div class=\"overlay fill\"\n                      style=\"background-color: rgba(0, 0, 0, 0.5)\">\n                  <\/div>\n                                                              <\/div>\n              <div class=\"box-text text-left\" >\n                 <p><\/p>\n              <\/div>\n            <\/div>\n            <\/a>          <\/div>\n         <\/div><\/div>\n\n\n","protected":false},"excerpt":{"rendered":"","protected":false},"featured_media":3483,"menu_order":37,"template":"","format":"standard","categoria_cosa_vedere":[59],"class_list":["post-5265","cosa_vedere","type-cosa_vedere","status-publish","format-standard","has-post-thumbnail","hentry","categoria_cosa_vedere-histoire"],"acf":[],"yoast_head":"<!-- This site is optimized with the Yoast SEO plugin v27.4 - https:\/\/yoast.com\/product\/yoast-seo-wordpress\/ -->\n<title>Les lieux de la M\u00e9moire - Valle Stura Experience<\/title>\n<meta name=\"robots\" content=\"index, follow, max-snippet:-1, max-image-preview:large, max-video-preview:-1\" \/>\n<link rel=\"canonical\" href=\"https:\/\/www.vallesturaexperience.it\/fr\/cosa_vedere\/les-lieux-de-la-memoire\/\" \/>\n<meta property=\"og:locale\" content=\"fr_FR\" \/>\n<meta property=\"og:type\" content=\"article\" \/>\n<meta property=\"og:title\" content=\"Les lieux de la M\u00e9moire - Valle Stura Experience\" \/>\n<meta property=\"og:url\" content=\"https:\/\/www.vallesturaexperience.it\/fr\/cosa_vedere\/les-lieux-de-la-memoire\/\" \/>\n<meta property=\"og:site_name\" content=\"Valle Stura Experience\" \/>\n<meta property=\"article:publisher\" content=\"https:\/\/www.facebook.com\/vallesturaexperience\/\" \/>\n<meta property=\"article:modified_time\" content=\"2025-08-18T08:27:13+00:00\" \/>\n<meta property=\"og:image\" content=\"https:\/\/www.vallesturaexperience.it\/wp-content\/uploads\/ValleStura-Winter-8.jpg\" \/>\n\t<meta property=\"og:image:width\" content=\"1200\" \/>\n\t<meta property=\"og:image:height\" content=\"800\" \/>\n\t<meta property=\"og:image:type\" content=\"image\/jpeg\" \/>\n<meta name=\"twitter:card\" content=\"summary_large_image\" \/>\n<meta name=\"twitter:label1\" content=\"Dur\u00e9e de lecture estim\u00e9e\" \/>\n\t<meta name=\"twitter:data1\" content=\"6 minutes\" \/>\n<script type=\"application\/ld+json\" class=\"yoast-schema-graph\">{\"@context\":\"https:\\\/\\\/schema.org\",\"@graph\":[{\"@type\":\"WebPage\",\"@id\":\"https:\\\/\\\/www.vallesturaexperience.it\\\/fr\\\/cosa_vedere\\\/les-lieux-de-la-memoire\\\/\",\"url\":\"https:\\\/\\\/www.vallesturaexperience.it\\\/fr\\\/cosa_vedere\\\/les-lieux-de-la-memoire\\\/\",\"name\":\"Les lieux de la M\u00e9moire - Valle Stura Experience\",\"isPartOf\":{\"@id\":\"https:\\\/\\\/www.vallesturaexperience.it\\\/#website\"},\"primaryImageOfPage\":{\"@id\":\"https:\\\/\\\/www.vallesturaexperience.it\\\/fr\\\/cosa_vedere\\\/les-lieux-de-la-memoire\\\/#primaryimage\"},\"image\":{\"@id\":\"https:\\\/\\\/www.vallesturaexperience.it\\\/fr\\\/cosa_vedere\\\/les-lieux-de-la-memoire\\\/#primaryimage\"},\"thumbnailUrl\":\"https:\\\/\\\/www.vallesturaexperience.it\\\/wp-content\\\/uploads\\\/ValleStura-Winter-8.jpg\",\"datePublished\":\"2022-02-02T10:40:32+00:00\",\"dateModified\":\"2025-08-18T08:27:13+00:00\",\"breadcrumb\":{\"@id\":\"https:\\\/\\\/www.vallesturaexperience.it\\\/fr\\\/cosa_vedere\\\/les-lieux-de-la-memoire\\\/#breadcrumb\"},\"inLanguage\":\"fr-FR\",\"potentialAction\":[{\"@type\":\"ReadAction\",\"target\":[\"https:\\\/\\\/www.vallesturaexperience.it\\\/fr\\\/cosa_vedere\\\/les-lieux-de-la-memoire\\\/\"]}]},{\"@type\":\"ImageObject\",\"inLanguage\":\"fr-FR\",\"@id\":\"https:\\\/\\\/www.vallesturaexperience.it\\\/fr\\\/cosa_vedere\\\/les-lieux-de-la-memoire\\\/#primaryimage\",\"url\":\"https:\\\/\\\/www.vallesturaexperience.it\\\/wp-content\\\/uploads\\\/ValleStura-Winter-8.jpg\",\"contentUrl\":\"https:\\\/\\\/www.vallesturaexperience.it\\\/wp-content\\\/uploads\\\/ValleStura-Winter-8.jpg\",\"width\":1200,\"height\":800},{\"@type\":\"BreadcrumbList\",\"@id\":\"https:\\\/\\\/www.vallesturaexperience.it\\\/fr\\\/cosa_vedere\\\/les-lieux-de-la-memoire\\\/#breadcrumb\",\"itemListElement\":[{\"@type\":\"ListItem\",\"position\":1,\"name\":\"Home\",\"item\":\"https:\\\/\\\/www.vallesturaexperience.it\\\/fr\\\/homepage\\\/\"},{\"@type\":\"ListItem\",\"position\":2,\"name\":\"Les lieux de la M\u00e9moire\"}]},{\"@type\":\"WebSite\",\"@id\":\"https:\\\/\\\/www.vallesturaexperience.it\\\/#website\",\"url\":\"https:\\\/\\\/www.vallesturaexperience.it\\\/\",\"name\":\"Valle Stura Experience\",\"description\":\"il sito ufficiale di Valle Stura Experience\",\"publisher\":{\"@id\":\"https:\\\/\\\/www.vallesturaexperience.it\\\/#organization\"},\"potentialAction\":[{\"@type\":\"SearchAction\",\"target\":{\"@type\":\"EntryPoint\",\"urlTemplate\":\"https:\\\/\\\/www.vallesturaexperience.it\\\/?s={search_term_string}\"},\"query-input\":{\"@type\":\"PropertyValueSpecification\",\"valueRequired\":true,\"valueName\":\"search_term_string\"}}],\"inLanguage\":\"fr-FR\"},{\"@type\":\"Organization\",\"@id\":\"https:\\\/\\\/www.vallesturaexperience.it\\\/#organization\",\"name\":\"Valle Stura Experience\",\"url\":\"https:\\\/\\\/www.vallesturaexperience.it\\\/\",\"logo\":{\"@type\":\"ImageObject\",\"inLanguage\":\"fr-FR\",\"@id\":\"https:\\\/\\\/www.vallesturaexperience.it\\\/#\\\/schema\\\/logo\\\/image\\\/\",\"url\":\"https:\\\/\\\/www.vallesturaexperience.it\\\/wp-content\\\/uploads\\\/logo_valle_stura_experience.png\",\"contentUrl\":\"https:\\\/\\\/www.vallesturaexperience.it\\\/wp-content\\\/uploads\\\/logo_valle_stura_experience.png\",\"width\":263,\"height\":101,\"caption\":\"Valle Stura Experience\"},\"image\":{\"@id\":\"https:\\\/\\\/www.vallesturaexperience.it\\\/#\\\/schema\\\/logo\\\/image\\\/\"},\"sameAs\":[\"https:\\\/\\\/www.facebook.com\\\/vallesturaexperience\\\/\",\"https:\\\/\\\/www.instagram.com\\\/vallesturaexperience\\\/\"]}]}<\/script>\n<!-- \/ Yoast SEO plugin. -->","yoast_head_json":{"title":"Les lieux de la M\u00e9moire - Valle Stura Experience","robots":{"index":"index","follow":"follow","max-snippet":"max-snippet:-1","max-image-preview":"max-image-preview:large","max-video-preview":"max-video-preview:-1"},"canonical":"https:\/\/www.vallesturaexperience.it\/fr\/cosa_vedere\/les-lieux-de-la-memoire\/","og_locale":"fr_FR","og_type":"article","og_title":"Les lieux de la M\u00e9moire - Valle Stura Experience","og_url":"https:\/\/www.vallesturaexperience.it\/fr\/cosa_vedere\/les-lieux-de-la-memoire\/","og_site_name":"Valle Stura Experience","article_publisher":"https:\/\/www.facebook.com\/vallesturaexperience\/","article_modified_time":"2025-08-18T08:27:13+00:00","og_image":[{"width":1200,"height":800,"url":"https:\/\/www.vallesturaexperience.it\/wp-content\/uploads\/ValleStura-Winter-8.jpg","type":"image\/jpeg"}],"twitter_card":"summary_large_image","twitter_misc":{"Dur\u00e9e de lecture estim\u00e9e":"6 minutes"},"schema":{"@context":"https:\/\/schema.org","@graph":[{"@type":"WebPage","@id":"https:\/\/www.vallesturaexperience.it\/fr\/cosa_vedere\/les-lieux-de-la-memoire\/","url":"https:\/\/www.vallesturaexperience.it\/fr\/cosa_vedere\/les-lieux-de-la-memoire\/","name":"Les lieux de la M\u00e9moire - Valle Stura Experience","isPartOf":{"@id":"https:\/\/www.vallesturaexperience.it\/#website"},"primaryImageOfPage":{"@id":"https:\/\/www.vallesturaexperience.it\/fr\/cosa_vedere\/les-lieux-de-la-memoire\/#primaryimage"},"image":{"@id":"https:\/\/www.vallesturaexperience.it\/fr\/cosa_vedere\/les-lieux-de-la-memoire\/#primaryimage"},"thumbnailUrl":"https:\/\/www.vallesturaexperience.it\/wp-content\/uploads\/ValleStura-Winter-8.jpg","datePublished":"2022-02-02T10:40:32+00:00","dateModified":"2025-08-18T08:27:13+00:00","breadcrumb":{"@id":"https:\/\/www.vallesturaexperience.it\/fr\/cosa_vedere\/les-lieux-de-la-memoire\/#breadcrumb"},"inLanguage":"fr-FR","potentialAction":[{"@type":"ReadAction","target":["https:\/\/www.vallesturaexperience.it\/fr\/cosa_vedere\/les-lieux-de-la-memoire\/"]}]},{"@type":"ImageObject","inLanguage":"fr-FR","@id":"https:\/\/www.vallesturaexperience.it\/fr\/cosa_vedere\/les-lieux-de-la-memoire\/#primaryimage","url":"https:\/\/www.vallesturaexperience.it\/wp-content\/uploads\/ValleStura-Winter-8.jpg","contentUrl":"https:\/\/www.vallesturaexperience.it\/wp-content\/uploads\/ValleStura-Winter-8.jpg","width":1200,"height":800},{"@type":"BreadcrumbList","@id":"https:\/\/www.vallesturaexperience.it\/fr\/cosa_vedere\/les-lieux-de-la-memoire\/#breadcrumb","itemListElement":[{"@type":"ListItem","position":1,"name":"Home","item":"https:\/\/www.vallesturaexperience.it\/fr\/homepage\/"},{"@type":"ListItem","position":2,"name":"Les lieux de la M\u00e9moire"}]},{"@type":"WebSite","@id":"https:\/\/www.vallesturaexperience.it\/#website","url":"https:\/\/www.vallesturaexperience.it\/","name":"Valle Stura Experience","description":"il sito ufficiale di Valle Stura Experience","publisher":{"@id":"https:\/\/www.vallesturaexperience.it\/#organization"},"potentialAction":[{"@type":"SearchAction","target":{"@type":"EntryPoint","urlTemplate":"https:\/\/www.vallesturaexperience.it\/?s={search_term_string}"},"query-input":{"@type":"PropertyValueSpecification","valueRequired":true,"valueName":"search_term_string"}}],"inLanguage":"fr-FR"},{"@type":"Organization","@id":"https:\/\/www.vallesturaexperience.it\/#organization","name":"Valle Stura Experience","url":"https:\/\/www.vallesturaexperience.it\/","logo":{"@type":"ImageObject","inLanguage":"fr-FR","@id":"https:\/\/www.vallesturaexperience.it\/#\/schema\/logo\/image\/","url":"https:\/\/www.vallesturaexperience.it\/wp-content\/uploads\/logo_valle_stura_experience.png","contentUrl":"https:\/\/www.vallesturaexperience.it\/wp-content\/uploads\/logo_valle_stura_experience.png","width":263,"height":101,"caption":"Valle Stura Experience"},"image":{"@id":"https:\/\/www.vallesturaexperience.it\/#\/schema\/logo\/image\/"},"sameAs":["https:\/\/www.facebook.com\/vallesturaexperience\/","https:\/\/www.instagram.com\/vallesturaexperience\/"]}]}},"_links":{"self":[{"href":"https:\/\/www.vallesturaexperience.it\/fr\/wp-json\/wp\/v2\/cosa_vedere\/5265","targetHints":{"allow":["GET"]}}],"collection":[{"href":"https:\/\/www.vallesturaexperience.it\/fr\/wp-json\/wp\/v2\/cosa_vedere"}],"about":[{"href":"https:\/\/www.vallesturaexperience.it\/fr\/wp-json\/wp\/v2\/types\/cosa_vedere"}],"wp:featuredmedia":[{"embeddable":true,"href":"https:\/\/www.vallesturaexperience.it\/fr\/wp-json\/wp\/v2\/media\/3483"}],"wp:attachment":[{"href":"https:\/\/www.vallesturaexperience.it\/fr\/wp-json\/wp\/v2\/media?parent=5265"}],"wp:term":[{"taxonomy":"categoria_cosa_vedere","embeddable":true,"href":"https:\/\/www.vallesturaexperience.it\/fr\/wp-json\/wp\/v2\/categoria_cosa_vedere?post=5265"}],"curies":[{"name":"wp","href":"https:\/\/api.w.org\/{rel}","templated":true}]}}