{"id":5257,"date":"2022-01-19T16:00:12","date_gmt":"2022-01-19T15:00:12","guid":{"rendered":"https:\/\/www.vallesturaexperience.it\/1747224622712?cosa_vedere=santanna-di-vinadio"},"modified":"2025-07-04T10:51:42","modified_gmt":"2025-07-04T08:51:42","slug":"santanna-di-vinadio","status":"publish","type":"cosa_vedere","link":"https:\/\/www.vallesturaexperience.it\/fr\/cosa_vedere\/santanna-di-vinadio\/","title":{"rendered":"Sant&rsquo;Anna di Vinadio"},"content":{"rendered":"\n\t<div id=\"text-4058395647\" class=\"text\">\n\t\t\n\n<p class=\"lead\">Le Sanctuaire le plus haut d\u2019Europe<\/p>\n\t\t\n<style>\n#text-4058395647 {\n  color: rgb(0,0,0);\n}\n#text-4058395647 > * {\n  color: rgb(0,0,0);\n}\n<\/style>\n\t<\/div>\n\t\n<p align=\"justify\">Dans un coin des Alpes-Maritimes situ\u00e9 \u00e0 la t\u00eate de la vall\u00e9e lat\u00e9rale de l\u2019Orgials, dans la vall\u00e9e de Stura, au milieu d\u2019un magnifique environnement naturel de haute montagne, se dresse le complexe du <a href=\"https:\/\/www.santannadivinadio.it\/\" target=\"_blank\" rel=\"noopener\">Sanctuaire de Sainte Anne<\/a> qui, avec ses 2.035 m\u00e8tres d\u2019altitude, d\u00e9tient le record du <strong>plus haut sanctuaire d\u2019Europe.<\/strong><\/p>\n<p align=\"justify\">Le Sanctuaire est le d\u00e9part de nombreuses excursions et randonn\u00e9es de toutes sortes et difficult\u00e9s. Il se trouve \u00e9galement \u00e0 quelques kilom\u00e8tres du <a href=\"https:\/\/www.vallesturaexperience.it\/fr\/cosa_vedere\/i-3-colli\/\" target=\"_blank\" rel=\"noopener\">Col de la Lombarde<\/a>, franchissement transfrontalier parmi les plus importants et les plus battus des provinces, qui en p\u00e9riode estivale permet de rejoindre la <em>vall\u00e9e fran\u00e7aise de la Tin\u00e9e<\/em> et <em>Nice<\/em>. <\/p>\n<p align=\"justify\">Aujourd\u2019hui, derri\u00e8re le sanctuaire, dans une ancienne caserne militaire, se trouvent la <a href=\"https:\/\/www.vallesturaexperience.it\/strutture\/santuario-di-santanna\/\" target=\"_blank\" rel=\"noopener\">Casa di San Gioachino<\/a>, maison d\u2019h\u00f4tes avec chambres et deux salles de restaurant, en plus du refuge\/auberge San Giuseppe \u2013 lieu d\u2019arr\u00eat GTA. \u00c0 c\u00f4t\u00e9 du sanctuaire, un bar-restaurant est \u00e9galement op\u00e9rationnel pendant les mois d\u2019\u00e9t\u00e9. <\/p>\n<p align=\"justify\">Le lieu est depuis des si\u00e8cles un lieu de <a href=\"https:\/\/www.vallesturaexperience.it\/cosa_fare\/il-cammino-escursionistico-di-santanna\/\" target=\"_blank\" rel=\"noopener\">p\u00e8lerinage pour des milliers de fid\u00e8les<\/a>: aujourd\u2019hui beaucoup d\u2019entre eux le font dans la nuit, en partant de <em>Cuneo<\/em>, chef-lieu du homonyme provinca, tandis que d\u2019autres d\u00e9cident d\u2019effectuer la partie finale du p\u00e8lerinage (toujours la nuit), \u00e0 partir du hameau <em>Pratolungo<\/em>, dans la commune de Vinadio. Dans ce village se trouve \u00e9galement un lieu d\u2019\u00e9tape pour les p\u00e8lerins, voulu et n\u00e9 gr\u00e2ce au travail de l\u2019association \u201c<a href=\"http:\/\/www.ilcamminodisantanna.org\/\" target=\"_blank\" rel=\"noopener\">Il Cammino di Sant\u2019Anna<\/a>\u201d qui, depuis 2007, maintient la section des sentiers de Pratolungo au sanctuaire et offre un service de rafra\u00eechissement et de repos juste en face du poste d\u2019\u00e9tape GTA. <\/p>\n\t<div id=\"text-80560246\" class=\"text\">\n\t\t\n\n<h5 class=\"uppercase\">UN PEU D\u2019HISTOIRE<\/h5>\n\t\t\n<style>\n#text-80560246 {\n  font-size: 1.3rem;\n  color: #7a9c59;\n}\n#text-80560246 > * {\n  color: #7a9c59;\n}\n<\/style>\n\t<\/div>\n\t\n<p align=\"justify\">Le premier document historique \u00e0 citer une \u00e9glise dans le <strong>vallon de l\u2019Orgials<\/strong> est un acte d\u2019entente sur les fronti\u00e8res de Vinadio et de l\u2019\u00eele, r\u00e9dig\u00e9 le 23 septembre 1307, qui nomme \u201cl\u2019hospice de S. Maria di Brasca\u201d, petite chapelle avec des locaux pour l\u2019hospitalit\u00e9 des voyageurs et des p\u00e8lerins. Entre le XIe et le XIIIe si\u00e8cle, \u00e0 proximit\u00e9 de nombreux cols alpins, des \u00e9glises\/hospices o\u00f9 r\u00e9sidaient des ermites dont la fonction \u00e9tait d\u2019assister les voyageurs, parmi lesquelles se trouvait l\u2019\u00e9glise Sainte-Anne. <\/p>\n<p align=\"justify\">Au XVe si\u00e8cle se r\u00e9pandit la l\u00e9gende selon laquelle Sainte Anne serait apparue \u00e0 la berg\u00e8re <strong>Anna Bagnis<\/strong> sur le rocher, aujourd\u2019hui appel\u00e9 \u201c<em>Forteresse de l\u2019apparition<\/em>\u201d pour lui indiquer le lieu o\u00f9 construire un sanctuaire. En 1443 appara\u00eet le premier document relatif \u00e0 l\u2019\u00e9glise avec le changement de nom de Sainte Anne. Entre-temps appara\u00eet une nouvelle figure, celle du \u201c<strong>randiere<\/strong>\u201c: un gardien qui r\u00e9sidait dans le sanctuaire toute l\u2019ann\u00e9e. Parmi ses t\u00e2ches figuraient le soin des b\u00e2timents, l\u2019alimentation et l\u2019h\u00e9bergement des voyageurs et la sonnerie de la cloche en cas de temp\u00eate et de brouillard.   <\/p>\n<p align=\"justify\">En 1619, la cath\u00e9drale d\u2019<strong>Apt<\/strong>, premi\u00e8re \u00e9glise en Europe d\u00e9di\u00e9e \u00e0 sainte Anne, donne au sanctuaire une petite partie de la relique de la sainte, qui en 1722 sera plac\u00e9e dans le bras d\u2019argent qui est encore v\u00e9n\u00e9r\u00e9. En 1681, la nouvelle \u00e9glise est inaugur\u00e9e avec le plancher en pente. Quelques d\u00e9cennies plus tard, se trouvent le premier p\u00e2t\u00e9 du randiere, l\u2019\u00e9table, la grange, le grenier et ensuite de nouveaux b\u00e2timents pour accueillir les p\u00e8lerins. Aujourd\u2019hui, dans la nef centrale se trouve actuellement le bras \u2013 reliquaire du XVIIe si\u00e8cle de la Sainte.   <\/p>\n<p align=\"justify\">De 1793 \u00e0 1796, la zone fut fortement militaris\u00e9e avec la construction de nombreuses casernes.<\/p>\n<p align=\"justify\">En 1836, le b\u00e2timent connu sous le nom de <strong>Baraccone<\/strong> fut \u00e9rig\u00e9, \u00e0 mi-chemin environ, un abri pour les voyageurs et les p\u00e8lerins, puis si\u00e8ge de colonies d\u2019\u00e9t\u00e9 (lieu o\u00f9 se dresse encore aujourd\u2019hui une fontaine, consid\u00e9r\u00e9e comme une \u00e9tape fixe des p\u00e8lerins lors de la mont\u00e9e au Sanctuaire). Au milieu du XIXe si\u00e8cle, le b\u00e2timent parall\u00e8le \u00e0 l\u2019\u00e9glise a \u00e9t\u00e9 construit. <\/p>\n<p align=\"justify\">La fa\u00e7ade et le clocher furent achev\u00e9s en 1881. La route carrossable a \u00e9t\u00e9 construite \u00e0 partir de 1924 \u00e0 des fins militaires, avec un t\u00e9l\u00e9ph\u00e9rique qui reliait Pratolungo au Colle della Lombarda. <\/p>\n<p align=\"justify\">Apr\u00e8s les guerres mondiales, les b\u00e2timents ont \u00e9t\u00e9 r\u00e9nov\u00e9s.<\/p>\n<p align=\"justify\">Aujourd\u2019hui, le Sanctuaire est ouvert en \u00e9t\u00e9 et a le plus grand moment de participation le 26 juillet, quand on c\u00e9l\u00e8bre la f\u00eate d\u00e9di\u00e9e \u00e0 la Sainte.<\/p>\n\t<div id=\"text-378980965\" class=\"text\">\n\t\t\n\n<h5 class=\"uppercase\">LE PYL\u00d4NE DES QUIAPERET<\/h5>\n\t\t\n<style>\n#text-378980965 {\n  font-size: 1.3rem;\n  color: #7a9c59;\n}\n#text-378980965 > * {\n  color: #7a9c59;\n}\n<\/style>\n\t<\/div>\n\t\n<p>Sur le chemin du sanctuaire se dresse un \u00e9dicule de 1917 contenant une statue de Sainte Anne, car de ce point celui qui monte commence \u00e0 entrevoir le sanctuaire. La tradition veut que chaque p\u00e8lerin \u00e9rige un \u201cpetit homme\u201d de \u201c<em>quiap<\/em>\u201c, cailloux, dit justement \u201c<em>quiaper\u00e8t<\/em>\u201c, avec autant de pierres qu\u2019il y a de fois o\u00f9 il a visit\u00e9 le Sanctuaire, comme bon souhait pour son prochain retour. <\/p>\n\t<div id=\"text-1482976870\" class=\"text\">\n\t\t\n\n<h5 class=\"uppercase\">CURIOSIT\u00c9 \u2013 Le Chemin de Sainte Anne<\/h5>\n\t\t\n<style>\n#text-1482976870 {\n  font-size: 1.3rem;\n  color: #7a9c59;\n}\n#text-1482976870 > * {\n  color: #7a9c59;\n}\n<\/style>\n\t<\/div>\n\t\n<p>Un nouveau parcours randonn\u00e9e\/tourisme de 4 jours, inspir\u00e9 de celui d\u00e9j\u00e0 existant, est n\u00e9 en 2021. D\u00e9couvrez les d\u00e9tails \u00e0 le <a href=\"https:\/\/www.vallesturaexperience.it\/cosa_fare\/il-cammino-escursionistico-di-santanna\/\" target=\"_blank\" rel=\"noopener\">link<\/a> suivant! <\/p>\n<div class=\"text-center\"><div class=\"is-divider divider clearfix\" style=\"max-width:80px;background-color:rgb(0, 0, 0);\"><\/div><\/div>\n\n\n  \n    <div class=\"row large-columns-2 medium-columns- small-columns- row-small slider row-slider slider-nav-circle\"  data-flickity-options='{&quot;imagesLoaded&quot;: true, &quot;groupCells&quot;: &quot;100%&quot;, &quot;dragThreshold&quot; : 5, &quot;cellAlign&quot;: &quot;left&quot;,&quot;wrapAround&quot;: true,&quot;prevNextButtons&quot;: true,&quot;percentPosition&quot;: true,&quot;pageDots&quot;: false, &quot;rightToLeft&quot;: false, &quot;autoPlay&quot; : false}' >\n\n  <div class=\"gallery-col col\" data-animate=\"fadeInUp\">\n          <div class=\"col-inner\">\n            <a class=\"image-lightbox lightbox-gallery\" href=\"https:\/\/www.vallesturaexperience.it\/wp-content\/uploads\/ValleStura-ciclismo-sanna-3-1-1-1.jpg\" title=\"\">            <div class=\"box has-hover gallery-box box-overlay dark\">\n              <div class=\"box-image image-overlay-add image-cover\" style=\"padding-top:56.25%;\">\n                <img fetchpriority=\"high\" decoding=\"async\" width=\"768\" height=\"512\" src=\"https:\/\/www.vallesturaexperience.it\/wp-content\/uploads\/ValleStura-ciclismo-sanna-3-1-1-1.jpg\" class=\"attachment-medium_large size-medium_large\" alt=\"\" ids=\"3675,2693,3153,3187,3188\" type=\"slider\" col_spacing=\"small\" columns=\"2\" animate=\"fadeInUp\" slider_nav_style=\"circle\" image_height=\"56.25%\" image_size=\"medium_large\" image_overlay=\"rgba(0, 0, 0, 0.535)\" image_hover=\"overlay-add\" srcset=\"https:\/\/www.vallesturaexperience.it\/wp-content\/uploads\/ValleStura-ciclismo-sanna-3-1-1-1.jpg 1920w, https:\/\/www.vallesturaexperience.it\/wp-content\/uploads\/ValleStura-ciclismo-sanna-3-1-1-1-510x340.jpg 510w\" sizes=\"(max-width: 768px) 100vw, 768px\" \/>                                  <div class=\"overlay fill\"\n                      style=\"background-color: rgba(0, 0, 0, 0.535)\">\n                  <\/div>\n                                                              <\/div>\n              <div class=\"box-text text-left\" >\n                 <p><\/p>\n              <\/div>\n            <\/div>\n            <\/a>          <\/div>\n         <\/div><div class=\"gallery-col col\" data-animate=\"fadeInUp\">\n          <div class=\"col-inner\">\n            <a class=\"image-lightbox lightbox-gallery\" href=\"https:\/\/www.vallesturaexperience.it\/wp-content\/uploads\/santanna-2-1024x533.jpg\" title=\"\">            <div class=\"box has-hover gallery-box box-overlay dark\">\n              <div class=\"box-image image-overlay-add image-cover\" style=\"padding-top:56.25%;\">\n                <img decoding=\"async\" width=\"768\" height=\"400\" src=\"https:\/\/www.vallesturaexperience.it\/wp-content\/uploads\/santanna-2-768x400.jpg\" class=\"attachment-medium_large size-medium_large\" alt=\"\" ids=\"3675,2693,3153,3187,3188\" type=\"slider\" col_spacing=\"small\" columns=\"2\" animate=\"fadeInUp\" slider_nav_style=\"circle\" image_height=\"56.25%\" image_size=\"medium_large\" image_overlay=\"rgba(0, 0, 0, 0.535)\" image_hover=\"overlay-add\" srcset=\"https:\/\/www.vallesturaexperience.it\/wp-content\/uploads\/santanna-2-768x400.jpg 768w, https:\/\/www.vallesturaexperience.it\/wp-content\/uploads\/santanna-2-510x266.jpg 510w, https:\/\/www.vallesturaexperience.it\/wp-content\/uploads\/santanna-2-300x156.jpg 300w, https:\/\/www.vallesturaexperience.it\/wp-content\/uploads\/santanna-2-1024x533.jpg 1024w, https:\/\/www.vallesturaexperience.it\/wp-content\/uploads\/santanna-2.jpg 1920w, https:\/\/www.vallesturaexperience.it\/wp-content\/uploads\/santanna-2-1600x833.jpg 1600w\" sizes=\"(max-width: 768px) 100vw, 768px\" \/>                                  <div class=\"overlay fill\"\n                      style=\"background-color: rgba(0, 0, 0, 0.535)\">\n                  <\/div>\n                                                              <\/div>\n              <div class=\"box-text text-left\" >\n                 <p><\/p>\n              <\/div>\n            <\/div>\n            <\/a>          <\/div>\n         <\/div><div class=\"gallery-col col\" data-animate=\"fadeInUp\">\n          <div class=\"col-inner\">\n            <a class=\"image-lightbox lightbox-gallery\" href=\"https:\/\/www.vallesturaexperience.it\/wp-content\/uploads\/santanna-3-1024x682.jpg\" title=\"\">            <div class=\"box has-hover gallery-box box-overlay dark\">\n              <div class=\"box-image image-overlay-add image-cover\" style=\"padding-top:56.25%;\">\n                <img decoding=\"async\" width=\"768\" height=\"511\" src=\"https:\/\/www.vallesturaexperience.it\/wp-content\/uploads\/santanna-3-768x511.jpg\" class=\"attachment-medium_large size-medium_large\" alt=\"\" ids=\"3675,2693,3153,3187,3188\" type=\"slider\" col_spacing=\"small\" columns=\"2\" animate=\"fadeInUp\" slider_nav_style=\"circle\" image_height=\"56.25%\" image_size=\"medium_large\" image_overlay=\"rgba(0, 0, 0, 0.535)\" image_hover=\"overlay-add\" srcset=\"https:\/\/www.vallesturaexperience.it\/wp-content\/uploads\/santanna-3-768x511.jpg 768w, https:\/\/www.vallesturaexperience.it\/wp-content\/uploads\/santanna-3-510x340.jpg 510w, https:\/\/www.vallesturaexperience.it\/wp-content\/uploads\/santanna-3-300x200.jpg 300w, https:\/\/www.vallesturaexperience.it\/wp-content\/uploads\/santanna-3-1024x682.jpg 1024w, https:\/\/www.vallesturaexperience.it\/wp-content\/uploads\/santanna-3-464x309.jpg 464w, https:\/\/www.vallesturaexperience.it\/wp-content\/uploads\/santanna-3.jpg 1200w\" sizes=\"(max-width: 768px) 100vw, 768px\" \/>                                  <div class=\"overlay fill\"\n                      style=\"background-color: rgba(0, 0, 0, 0.535)\">\n                  <\/div>\n                                                              <\/div>\n              <div class=\"box-text text-left\" >\n                 <p><\/p>\n              <\/div>\n            <\/div>\n            <\/a>          <\/div>\n         <\/div><div class=\"gallery-col col\" data-animate=\"fadeInUp\">\n          <div class=\"col-inner\">\n            <a class=\"image-lightbox lightbox-gallery\" href=\"https:\/\/www.vallesturaexperience.it\/wp-content\/uploads\/Schermata-2021-07-02-alle-20.07.09-1024x575.jpg\" title=\"\">            <div class=\"box has-hover gallery-box box-overlay dark\">\n              <div class=\"box-image image-overlay-add image-cover\" style=\"padding-top:56.25%;\">\n                <img loading=\"lazy\" decoding=\"async\" width=\"768\" height=\"431\" src=\"https:\/\/www.vallesturaexperience.it\/wp-content\/uploads\/Schermata-2021-07-02-alle-20.07.09-768x431.jpg\" class=\"attachment-medium_large size-medium_large\" alt=\"\" ids=\"3675,2693,3153,3187,3188\" type=\"slider\" col_spacing=\"small\" columns=\"2\" animate=\"fadeInUp\" slider_nav_style=\"circle\" image_height=\"56.25%\" image_size=\"medium_large\" image_overlay=\"rgba(0, 0, 0, 0.535)\" image_hover=\"overlay-add\" srcset=\"https:\/\/www.vallesturaexperience.it\/wp-content\/uploads\/Schermata-2021-07-02-alle-20.07.09-768x431.jpg 768w, https:\/\/www.vallesturaexperience.it\/wp-content\/uploads\/Schermata-2021-07-02-alle-20.07.09-510x286.jpg 510w, https:\/\/www.vallesturaexperience.it\/wp-content\/uploads\/Schermata-2021-07-02-alle-20.07.09-300x168.jpg 300w, https:\/\/www.vallesturaexperience.it\/wp-content\/uploads\/Schermata-2021-07-02-alle-20.07.09-1024x575.jpg 1024w, https:\/\/www.vallesturaexperience.it\/wp-content\/uploads\/Schermata-2021-07-02-alle-20.07.09-1600x899.jpg 1600w, https:\/\/www.vallesturaexperience.it\/wp-content\/uploads\/Schermata-2021-07-02-alle-20.07.09.jpg 1866w\" sizes=\"(max-width: 768px) 100vw, 768px\" \/>                                  <div class=\"overlay fill\"\n                      style=\"background-color: rgba(0, 0, 0, 0.535)\">\n                  <\/div>\n                                                              <\/div>\n              <div class=\"box-text text-left\" >\n                 <p><\/p>\n              <\/div>\n            <\/div>\n            <\/a>          <\/div>\n         <\/div><div class=\"gallery-col col\" data-animate=\"fadeInUp\">\n          <div class=\"col-inner\">\n            <a class=\"image-lightbox lightbox-gallery\" href=\"https:\/\/www.vallesturaexperience.it\/wp-content\/uploads\/IMG_8662-1-1024x576.jpg\" title=\"\">            <div class=\"box has-hover gallery-box box-overlay dark\">\n              <div class=\"box-image image-overlay-add image-cover\" style=\"padding-top:56.25%;\">\n                <img loading=\"lazy\" decoding=\"async\" width=\"768\" height=\"432\" src=\"https:\/\/www.vallesturaexperience.it\/wp-content\/uploads\/IMG_8662-1-768x432.jpg\" class=\"attachment-medium_large size-medium_large\" alt=\"\" ids=\"3675,2693,3153,3187,3188\" type=\"slider\" col_spacing=\"small\" columns=\"2\" animate=\"fadeInUp\" slider_nav_style=\"circle\" image_height=\"56.25%\" image_size=\"medium_large\" image_overlay=\"rgba(0, 0, 0, 0.535)\" image_hover=\"overlay-add\" srcset=\"https:\/\/www.vallesturaexperience.it\/wp-content\/uploads\/IMG_8662-1-768x432.jpg 768w, https:\/\/www.vallesturaexperience.it\/wp-content\/uploads\/IMG_8662-1-510x287.jpg 510w, https:\/\/www.vallesturaexperience.it\/wp-content\/uploads\/IMG_8662-1-300x169.jpg 300w, https:\/\/www.vallesturaexperience.it\/wp-content\/uploads\/IMG_8662-1-1024x576.jpg 1024w, https:\/\/www.vallesturaexperience.it\/wp-content\/uploads\/IMG_8662-1-1600x900.jpg 1600w, https:\/\/www.vallesturaexperience.it\/wp-content\/uploads\/IMG_8662-1.jpg 1900w\" sizes=\"(max-width: 768px) 100vw, 768px\" \/>                                  <div class=\"overlay fill\"\n                      style=\"background-color: rgba(0, 0, 0, 0.535)\">\n                  <\/div>\n                                                              <\/div>\n              <div class=\"box-text text-left\" >\n                 <p><\/p>\n              <\/div>\n            <\/div>\n            <\/a>          <\/div>\n         <\/div><\/div>\n\n<div class=\"text-center\"><div class=\"is-divider divider clearfix\" style=\"max-width:80px;background-color:rgb(0, 0, 0);\"><\/div><\/div>\n\n\n","protected":false},"excerpt":{"rendered":"","protected":false},"featured_media":4281,"menu_order":12,"template":"","format":"standard","categoria_cosa_vedere":[57],"class_list":["post-5257","cosa_vedere","type-cosa_vedere","status-publish","format-standard","has-post-thumbnail","hentry","categoria_cosa_vedere-lieux-typiques"],"acf":[],"yoast_head":"<!-- This site is optimized with the Yoast SEO plugin v27.4 - https:\/\/yoast.com\/product\/yoast-seo-wordpress\/ -->\n<title>Sant&#039;Anna di Vinadio - Valle Stura Experience<\/title>\n<meta name=\"robots\" content=\"index, follow, max-snippet:-1, max-image-preview:large, max-video-preview:-1\" \/>\n<link rel=\"canonical\" href=\"https:\/\/www.vallesturaexperience.it\/fr\/cosa_vedere\/santanna-di-vinadio\/\" \/>\n<meta property=\"og:locale\" content=\"fr_FR\" \/>\n<meta property=\"og:type\" content=\"article\" \/>\n<meta property=\"og:title\" content=\"Sant&#039;Anna di Vinadio - Valle Stura Experience\" \/>\n<meta property=\"og:url\" content=\"https:\/\/www.vallesturaexperience.it\/fr\/cosa_vedere\/santanna-di-vinadio\/\" \/>\n<meta property=\"og:site_name\" content=\"Valle Stura Experience\" \/>\n<meta property=\"article:publisher\" content=\"https:\/\/www.facebook.com\/vallesturaexperience\/\" \/>\n<meta property=\"article:modified_time\" content=\"2025-07-04T08:51:42+00:00\" \/>\n<meta property=\"og:image\" content=\"https:\/\/www.vallesturaexperience.it\/wp-content\/uploads\/ValleStura-ciclismo-sanna-94-1-scaled.jpg\" \/>\n\t<meta property=\"og:image:width\" content=\"2560\" \/>\n\t<meta property=\"og:image:height\" content=\"1707\" \/>\n\t<meta property=\"og:image:type\" content=\"image\/jpeg\" \/>\n<meta name=\"twitter:card\" content=\"summary_large_image\" \/>\n<meta name=\"twitter:label1\" content=\"Dur\u00e9e de lecture estim\u00e9e\" \/>\n\t<meta name=\"twitter:data1\" content=\"5 minutes\" \/>\n<script type=\"application\/ld+json\" class=\"yoast-schema-graph\">{\"@context\":\"https:\\\/\\\/schema.org\",\"@graph\":[{\"@type\":\"WebPage\",\"@id\":\"https:\\\/\\\/www.vallesturaexperience.it\\\/fr\\\/cosa_vedere\\\/santanna-di-vinadio\\\/\",\"url\":\"https:\\\/\\\/www.vallesturaexperience.it\\\/fr\\\/cosa_vedere\\\/santanna-di-vinadio\\\/\",\"name\":\"Sant'Anna di Vinadio - Valle Stura Experience\",\"isPartOf\":{\"@id\":\"https:\\\/\\\/www.vallesturaexperience.it\\\/#website\"},\"primaryImageOfPage\":{\"@id\":\"https:\\\/\\\/www.vallesturaexperience.it\\\/fr\\\/cosa_vedere\\\/santanna-di-vinadio\\\/#primaryimage\"},\"image\":{\"@id\":\"https:\\\/\\\/www.vallesturaexperience.it\\\/fr\\\/cosa_vedere\\\/santanna-di-vinadio\\\/#primaryimage\"},\"thumbnailUrl\":\"https:\\\/\\\/www.vallesturaexperience.it\\\/wp-content\\\/uploads\\\/ValleStura-ciclismo-sanna-94-1-scaled.jpg\",\"datePublished\":\"2022-01-19T15:00:12+00:00\",\"dateModified\":\"2025-07-04T08:51:42+00:00\",\"breadcrumb\":{\"@id\":\"https:\\\/\\\/www.vallesturaexperience.it\\\/fr\\\/cosa_vedere\\\/santanna-di-vinadio\\\/#breadcrumb\"},\"inLanguage\":\"fr-FR\",\"potentialAction\":[{\"@type\":\"ReadAction\",\"target\":[\"https:\\\/\\\/www.vallesturaexperience.it\\\/fr\\\/cosa_vedere\\\/santanna-di-vinadio\\\/\"]}]},{\"@type\":\"ImageObject\",\"inLanguage\":\"fr-FR\",\"@id\":\"https:\\\/\\\/www.vallesturaexperience.it\\\/fr\\\/cosa_vedere\\\/santanna-di-vinadio\\\/#primaryimage\",\"url\":\"https:\\\/\\\/www.vallesturaexperience.it\\\/wp-content\\\/uploads\\\/ValleStura-ciclismo-sanna-94-1-scaled.jpg\",\"contentUrl\":\"https:\\\/\\\/www.vallesturaexperience.it\\\/wp-content\\\/uploads\\\/ValleStura-ciclismo-sanna-94-1-scaled.jpg\",\"width\":2560,\"height\":1707},{\"@type\":\"BreadcrumbList\",\"@id\":\"https:\\\/\\\/www.vallesturaexperience.it\\\/fr\\\/cosa_vedere\\\/santanna-di-vinadio\\\/#breadcrumb\",\"itemListElement\":[{\"@type\":\"ListItem\",\"position\":1,\"name\":\"Home\",\"item\":\"https:\\\/\\\/www.vallesturaexperience.it\\\/fr\\\/homepage\\\/\"},{\"@type\":\"ListItem\",\"position\":2,\"name\":\"Sant&#8217;Anna di Vinadio\"}]},{\"@type\":\"WebSite\",\"@id\":\"https:\\\/\\\/www.vallesturaexperience.it\\\/#website\",\"url\":\"https:\\\/\\\/www.vallesturaexperience.it\\\/\",\"name\":\"Valle Stura Experience\",\"description\":\"il sito ufficiale di Valle Stura Experience\",\"publisher\":{\"@id\":\"https:\\\/\\\/www.vallesturaexperience.it\\\/#organization\"},\"potentialAction\":[{\"@type\":\"SearchAction\",\"target\":{\"@type\":\"EntryPoint\",\"urlTemplate\":\"https:\\\/\\\/www.vallesturaexperience.it\\\/?s={search_term_string}\"},\"query-input\":{\"@type\":\"PropertyValueSpecification\",\"valueRequired\":true,\"valueName\":\"search_term_string\"}}],\"inLanguage\":\"fr-FR\"},{\"@type\":\"Organization\",\"@id\":\"https:\\\/\\\/www.vallesturaexperience.it\\\/#organization\",\"name\":\"Valle Stura Experience\",\"url\":\"https:\\\/\\\/www.vallesturaexperience.it\\\/\",\"logo\":{\"@type\":\"ImageObject\",\"inLanguage\":\"fr-FR\",\"@id\":\"https:\\\/\\\/www.vallesturaexperience.it\\\/#\\\/schema\\\/logo\\\/image\\\/\",\"url\":\"https:\\\/\\\/www.vallesturaexperience.it\\\/wp-content\\\/uploads\\\/logo_valle_stura_experience.png\",\"contentUrl\":\"https:\\\/\\\/www.vallesturaexperience.it\\\/wp-content\\\/uploads\\\/logo_valle_stura_experience.png\",\"width\":263,\"height\":101,\"caption\":\"Valle Stura Experience\"},\"image\":{\"@id\":\"https:\\\/\\\/www.vallesturaexperience.it\\\/#\\\/schema\\\/logo\\\/image\\\/\"},\"sameAs\":[\"https:\\\/\\\/www.facebook.com\\\/vallesturaexperience\\\/\",\"https:\\\/\\\/www.instagram.com\\\/vallesturaexperience\\\/\"]}]}<\/script>\n<!-- \/ Yoast SEO plugin. -->","yoast_head_json":{"title":"Sant'Anna di Vinadio - Valle Stura Experience","robots":{"index":"index","follow":"follow","max-snippet":"max-snippet:-1","max-image-preview":"max-image-preview:large","max-video-preview":"max-video-preview:-1"},"canonical":"https:\/\/www.vallesturaexperience.it\/fr\/cosa_vedere\/santanna-di-vinadio\/","og_locale":"fr_FR","og_type":"article","og_title":"Sant'Anna di Vinadio - Valle Stura Experience","og_url":"https:\/\/www.vallesturaexperience.it\/fr\/cosa_vedere\/santanna-di-vinadio\/","og_site_name":"Valle Stura Experience","article_publisher":"https:\/\/www.facebook.com\/vallesturaexperience\/","article_modified_time":"2025-07-04T08:51:42+00:00","og_image":[{"width":2560,"height":1707,"url":"https:\/\/www.vallesturaexperience.it\/wp-content\/uploads\/ValleStura-ciclismo-sanna-94-1-scaled.jpg","type":"image\/jpeg"}],"twitter_card":"summary_large_image","twitter_misc":{"Dur\u00e9e de lecture estim\u00e9e":"5 minutes"},"schema":{"@context":"https:\/\/schema.org","@graph":[{"@type":"WebPage","@id":"https:\/\/www.vallesturaexperience.it\/fr\/cosa_vedere\/santanna-di-vinadio\/","url":"https:\/\/www.vallesturaexperience.it\/fr\/cosa_vedere\/santanna-di-vinadio\/","name":"Sant'Anna di Vinadio - Valle Stura Experience","isPartOf":{"@id":"https:\/\/www.vallesturaexperience.it\/#website"},"primaryImageOfPage":{"@id":"https:\/\/www.vallesturaexperience.it\/fr\/cosa_vedere\/santanna-di-vinadio\/#primaryimage"},"image":{"@id":"https:\/\/www.vallesturaexperience.it\/fr\/cosa_vedere\/santanna-di-vinadio\/#primaryimage"},"thumbnailUrl":"https:\/\/www.vallesturaexperience.it\/wp-content\/uploads\/ValleStura-ciclismo-sanna-94-1-scaled.jpg","datePublished":"2022-01-19T15:00:12+00:00","dateModified":"2025-07-04T08:51:42+00:00","breadcrumb":{"@id":"https:\/\/www.vallesturaexperience.it\/fr\/cosa_vedere\/santanna-di-vinadio\/#breadcrumb"},"inLanguage":"fr-FR","potentialAction":[{"@type":"ReadAction","target":["https:\/\/www.vallesturaexperience.it\/fr\/cosa_vedere\/santanna-di-vinadio\/"]}]},{"@type":"ImageObject","inLanguage":"fr-FR","@id":"https:\/\/www.vallesturaexperience.it\/fr\/cosa_vedere\/santanna-di-vinadio\/#primaryimage","url":"https:\/\/www.vallesturaexperience.it\/wp-content\/uploads\/ValleStura-ciclismo-sanna-94-1-scaled.jpg","contentUrl":"https:\/\/www.vallesturaexperience.it\/wp-content\/uploads\/ValleStura-ciclismo-sanna-94-1-scaled.jpg","width":2560,"height":1707},{"@type":"BreadcrumbList","@id":"https:\/\/www.vallesturaexperience.it\/fr\/cosa_vedere\/santanna-di-vinadio\/#breadcrumb","itemListElement":[{"@type":"ListItem","position":1,"name":"Home","item":"https:\/\/www.vallesturaexperience.it\/fr\/homepage\/"},{"@type":"ListItem","position":2,"name":"Sant&#8217;Anna di Vinadio"}]},{"@type":"WebSite","@id":"https:\/\/www.vallesturaexperience.it\/#website","url":"https:\/\/www.vallesturaexperience.it\/","name":"Valle Stura Experience","description":"il sito ufficiale di Valle Stura Experience","publisher":{"@id":"https:\/\/www.vallesturaexperience.it\/#organization"},"potentialAction":[{"@type":"SearchAction","target":{"@type":"EntryPoint","urlTemplate":"https:\/\/www.vallesturaexperience.it\/?s={search_term_string}"},"query-input":{"@type":"PropertyValueSpecification","valueRequired":true,"valueName":"search_term_string"}}],"inLanguage":"fr-FR"},{"@type":"Organization","@id":"https:\/\/www.vallesturaexperience.it\/#organization","name":"Valle Stura Experience","url":"https:\/\/www.vallesturaexperience.it\/","logo":{"@type":"ImageObject","inLanguage":"fr-FR","@id":"https:\/\/www.vallesturaexperience.it\/#\/schema\/logo\/image\/","url":"https:\/\/www.vallesturaexperience.it\/wp-content\/uploads\/logo_valle_stura_experience.png","contentUrl":"https:\/\/www.vallesturaexperience.it\/wp-content\/uploads\/logo_valle_stura_experience.png","width":263,"height":101,"caption":"Valle Stura Experience"},"image":{"@id":"https:\/\/www.vallesturaexperience.it\/#\/schema\/logo\/image\/"},"sameAs":["https:\/\/www.facebook.com\/vallesturaexperience\/","https:\/\/www.instagram.com\/vallesturaexperience\/"]}]}},"_links":{"self":[{"href":"https:\/\/www.vallesturaexperience.it\/fr\/wp-json\/wp\/v2\/cosa_vedere\/5257","targetHints":{"allow":["GET"]}}],"collection":[{"href":"https:\/\/www.vallesturaexperience.it\/fr\/wp-json\/wp\/v2\/cosa_vedere"}],"about":[{"href":"https:\/\/www.vallesturaexperience.it\/fr\/wp-json\/wp\/v2\/types\/cosa_vedere"}],"wp:featuredmedia":[{"embeddable":true,"href":"https:\/\/www.vallesturaexperience.it\/fr\/wp-json\/wp\/v2\/media\/4281"}],"wp:attachment":[{"href":"https:\/\/www.vallesturaexperience.it\/fr\/wp-json\/wp\/v2\/media?parent=5257"}],"wp:term":[{"taxonomy":"categoria_cosa_vedere","embeddable":true,"href":"https:\/\/www.vallesturaexperience.it\/fr\/wp-json\/wp\/v2\/categoria_cosa_vedere?post=5257"}],"curies":[{"name":"wp","href":"https:\/\/api.w.org\/{rel}","templated":true}]}}