{"id":5235,"date":"2018-08-15T01:18:19","date_gmt":"2018-08-14T23:18:19","guid":{"rendered":"https:\/\/www.vallesturaexperience.it\/1747224622712?cosa_vedere=fort-of-vinadio"},"modified":"2025-09-07T16:02:08","modified_gmt":"2025-09-07T14:02:08","slug":"fort-of-vinadio","status":"publish","type":"cosa_vedere","link":"https:\/\/www.vallesturaexperience.it\/en\/cosa_vedere\/fort-of-vinadio\/","title":{"rendered":"Fort of Vinadio"},"content":{"rendered":"\n\t<div id=\"text-3083763847\" class=\"text\">\n\t\t\n\n<p class=\"lead\">Il Forte Albertino di Vinadio&#8230; un simbolo della Valle<\/p>\n\t\t\n<style>\n#text-3083763847 {\n  color: rgb(0,0,0);\n}\n#text-3083763847 > * {\n  color: rgb(0,0,0);\n}\n<\/style>\n\t<\/div>\n\t\n<p>Il\u00a0<a href=\"https:\/\/www.fortedivinadio.com\/il-forte-albertino\/\" target=\"_blank\" rel=\"noopener\">Forte di Vinadio<\/a>\u00a0o\u00a0<em>Forte Albertino<\/em>, \u00e8 un monumento cardine della Valle Stura, simbolo del Comune che lo ospita e di tutto il territorio. Oltre all\u2019indubbia valenza storica, \u00e8 fra gli esempi di architettura militare pi\u00f9 significativi dell\u2019intero arco alpino. Tutt\u2019oggi \u00e8 sede di eventi, percorsi a tema e molto altro!<\/p>\n\t<div id=\"text-1885859556\" class=\"text\">\n\t\t\n\n<h5 class=\"uppercase\">UN PO\u2019 DI STORIA<\/h5>\n\t\t\n<style>\n#text-1885859556 {\n  font-size: 1.3rem;\n  color: #7a9c59;\n}\n#text-1885859556 > * {\n  color: #7a9c59;\n}\n<\/style>\n\t<\/div>\n\t\n<p align=\"justify\">Con l\u2019avvento della Restaurazione Ottocentesca i\u00a0<strong>Savoia<\/strong>\u00a0decisero di rifortificare la Valle Stura, realizzando a Vinadio un imponente sbarramento: il\u00a0<strong>Forte Albertino di Vinadio<\/strong>.<\/p>\n<p align=\"justify\">Gi\u00e0 da tempo maturava l\u2019interesse di rinforzare gli accessi alla valle, per impedire la discesa degli eserciti francesi.<\/p>\n<p align=\"justify\">I lavori di costruzione della fortezza, voluta da Re Carlo Alberto, iniziarono nell\u2019agosto del 1834 e si conclusero nel 1847. Nonostante una breve interruzione, dal 1837 al 1839, in soli undici anni si realizz\u00f2 un vero capolavoro dell\u2019ingegneria e della tecnica militare per cui vennero impegnati fino a 4.000 operai provenienti dalle zone del biellese e del bergamasco.<\/p>\n<p align=\"justify\">L\u2019idea fu quella di costruire una grande linea difensiva, i cui numeri sono impressionanti!<\/p>\n<p align=\"justify\">La fortificazione, che fiancheggia a ponente il paese, ha una lunghezza in linea d\u2019aria di circa 1.200 metri che si sviluppa dalla roccia del fortino al fiume Stura. I camminamenti, che si snodano al suo interno su tre livelli, raggiungono una lunghezza di circa 10 km e la loro altezza in alcuni punti raggiunge i 18 metri, con spessore alla base di 2 metri.<\/p>\n<p align=\"justify\">La fortezza si suddivide in tre corpi: il<em>\u00a0fronte d\u2019attacco, il fronte inferiore e il fronte superiore.<\/em><\/p>\n<p align=\"justify\">Il\u00a0<strong>Fronte superiore<\/strong>\u00a0e quello\u00a0<strong>inferiore<\/strong>\u00a0sono costituiti principalmente dalle casermette, opere difensive a protezione delle artiglierie. Il\u00a0<strong>Fronte d\u2019attacco<\/strong>\u00a0posto dinanzi all\u2019ingresso della fortificazione, era l\u2019unica via di comunicazione che si apriva sul paese e costituiva la strada principale per raggiungere il\u00a0<strong>Colle della Maddalena.<\/strong><\/p>\n<p align=\"justify\">L\u2019opera militare poteva ospitare una guarnigione di circa 1.800 uomini con 140.000 razioni di viveri di riserva, due forni in gradi di produrre 3.600 razioni di pane e cisterne della capacit\u00e0 complessiva di 500.000 litri d\u2019acqua.<\/p>\n<p align=\"justify\">Il forte non fu segnato da eventi bellici importanti e nel 1862 fu utilizzato come carcere per un gruppo di garibaldini.<\/p>\n<p align=\"justify\">Non ci fu quindi il battesimo del fuoco e a inizio \u2018900 lo sbarramento era da considerarsi superato, in quanto le strutture in muratura portante in pietra non potevano pi\u00f9 resistere al fuoco delle moderne armi.<\/p>\n<p align=\"justify\">Inattivo durante la Prima Guerra Mondiale, nel 1938 venne inserito nel<strong>\u00a0Vallo Alpino<\/strong>\u00a0e alcune casermette vennero adattate per ospitare moderne artiglierie. Durante la Seconda Guerra Mondiale venne occupato dalle truppe tedesche e verso la fine del conflitto sub\u00ec alcuni bombardamenti da parte di truppe Angloamericane, le cui tracce sono visibili ancora oggi. La sua storia si concluse il 25 aprile del 1945, quando le truppe tedesche in ritirata minarono la struttura in vari punti. L\u2019impegno della popolazione e cause fortuite riuscirono a impedirne la devastazione, fatta eccezione per la polveriera centrale che venne ridotta a un cumulo di macerie.<\/p>\n<p align=\"justify\">Dopo alcuni importanti interventi di restauro, il Forte \u00e8 attualmente aperto al pubblico. Si pu\u00f2 effettuare un percorso nel cuore dell\u2019imponente linea difensiva attraverso bastioni, sotterranei e gallerie protette. Si possono prenotare visite guidate in orario di apertura ordinaria; vi sono inoltre percorsi specifici dedicati alla didattica oltre ad aperture straordinarie per gruppi e scolaresche.<\/p>\n<p align=\"justify\">Inoltre \u00e8 visitabile la mostra permanente\u00a0<strong>Montagna in Movimento<\/strong>, un percorso multimediale relativo alle\u00a0<strong>Alpi Meridionali<\/strong>\u00a0e nei mesi invernali \u00e8 attiva una\u00a0<a href=\"https:\/\/www.comune.vinadio.cn.it\/Home\/Guida-al-paese?IDDettaglio=19597\"><strong>pista di pattinaggio su ghiaccio<\/strong><\/a>\u00a0e un bar.<\/p>\n<p align=\"justify\">Luogo ideale in cui ascoltare storie, giocare, correre, dare sfogo alla proprio creativit\u00e0 con percorsi adatti a ogni fascia di et\u00e0, capaci di coinvolgere e incuriosire anche i pi\u00f9 piccoli. Il Forte Albertino fa anche parte del percorso\u00a0<a href=\"https:\/\/www.visitstura.it\/cultura-e-arte\/attrattive\/luoghi-di-interesse\/viapac-via-per-larte-contemporanea\/\" target=\"_blank\" rel=\"noopener\">VIAPAC<\/a>, una via per l\u2019arte contemporanea e ospita un\u2019importante opera del celebre scultore\u00a0<strong>David Mach<\/strong>.<\/p>\n<p align=\"justify\">L\u2019<a href=\"https:\/\/www.vallestura.cn.it\/\" target=\"_blank\" rel=\"noopener\">Unione Montana Valle Stura<\/a>, in collaborazione con l\u2019<a href=\"https:\/\/www.facebook.com\/ASFAO.Cuneo\" target=\"_blank\" rel=\"noopener\">associazione ASFAO<\/a>\u00a0e con\u00a0<a href=\"https:\/\/www.fraternalieditore.com\/\" target=\"_blank\" rel=\"noopener\">Fraternali Editore<\/a>\u00a0ha realizzato una carta escursionistica in scala 1:25.000 di tutte le\u00a0<strong>fortificazioni della Valle stura<\/strong>, dal 1861 al 1945, oltre ai forti di Roccasparvera, Demonte e Vinadio, di epoca precedente. Sul fronte \u00e8 presente la cartografia con le posizioni delle\u00a0<em>Opere<\/em>\u00a0e la relativa legenda, mentre sul retro sono descritte tutte le 152 Opere con l\u2019anno di costruzione, gli armamenti, lo stato di conservazione e alcune curiosit\u00e0. Inoltre, per ogni opera \u00e8 indicato il tempo di percorrenza a piedi per raggiungerla e la possibilit\u00e0 di arrivare in mountain bike nelle vicinanze.<\/p>\n<p align=\"justify\">La carta \u00e8 in vendita nelle migliori librerie di Borgo San Dalmazzo e in Valle Stura, oltre che presso la\u00a0<a href=\"https:\/\/www.vallesturaexperience.it\/la-porta-di-valle\/\" target=\"_blank\" rel=\"noopener\">Porta di Valle \u2013 Valle Stura<\/a>.<\/p>\n\t<div id=\"text-3842602105\" class=\"text\">\n\t\t\n\n<h5 class=\"uppercase\">MONTAGNA IN MOVIMENTO<\/h5>\n\n\t\t\n<style>\n#text-3842602105 {\n  font-size: 1.3rem;\n  color: #7a9c59;\n}\n#text-3842602105 > * {\n  color: #7a9c59;\n}\n<\/style>\n\t<\/div>\n\t\n<p align=\"justify\">Oggi il\u00a0<a href=\"https:\/\/www.fortedivinadio.com\/\"><strong>Forte di Vinadio<\/strong><\/a>\u00a0ospita al suo interno \u201c<em>Montagna in Movimento<\/em>\u201c, una serie di installazioni multimediali che introducono il visitatore al mondo delle Alpi Meridionali.<\/p>\n<p align=\"justify\">Circa quaranta video-ambientazioni interattive e sincronizzate, pi\u00f9 di sessanta programmi video segnano il percorso espositivo e sono articolati in sei aree tematiche: Intro, Le Alpi al centro, Ambiente e territorio, L\u2019uomo e le Alpi, Crisi di una civilt\u00e0, Le frontiere del futuro. Alcuni oggetti proposti in originale o in copia diventano una sorta di simbolo materiale dei vari argomenti trattati. Le immagini e le testimonianze sono state raccolte nelle valli Po, Varaita, Maira, Grana, Stura, Gesso, Vermenagna e Pesio, senza dimenticare le relazioni con il versante francese.<\/p>\n\t<div id=\"text-1558701991\" class=\"text\">\n\t\t\n\n<h5 class=\"uppercase\">PER INFO<\/h5>\n\n\t\t\n<style>\n#text-1558701991 {\n  font-size: 1.3rem;\n  color: #7a9c59;\n}\n#text-1558701991 > * {\n  color: #7a9c59;\n}\n<\/style>\n\t<\/div>\n\t\n<div id=\"text-1108870480\" class=\"text\">\n<h5 class=\"uppercase\">INDIRIZZO<\/h5>\n<\/div>\n<p align=\"justify\">Forte Albertino di Vinadio<br \/>Piazza Vittorio Veneto, 8<\/p>\n<div id=\"text-4026495353\" class=\"text\">\n<h5 class=\"uppercase\">APERTURA<\/h5>\n<\/div>\n<p align=\"justify\">Da giugno a ottobre<br \/>giugno: sab 14.30-19.00, dom e festivi 10.00-19.00<br \/>luglio: da gio a sab 14.30-19.00, dom 10.00-19.00<br \/>agosto: lun-sab 14.30-19.00, dom e festivi 10.00-19.00<br \/>settembre: sab 14.30-19.00, dom e festivi 10.00-19.00<br \/>ottobre: dom 14.30-19.00<\/p>\n<div id=\"text-3005514861\" class=\"text\">\n<h5 class=\"uppercase\">INGRESSO<\/h5>\n<\/div>\n<p align=\"justify\">\u20ac7 intero, \u20ac5 ridotto<\/p>\n<div id=\"text-384461275\" class=\"text\">\n<h5 class=\"uppercase\">INFO e CONTATTI<\/h5>\n<\/div>\n<p><a title=\"Vai al sito www.fondazioneartea.org\" href=\"http:\/\/www.fondazioneartea.org\/\" target=\"_blank\" rel=\"noopener\">www.fondazioneartea.org<\/a><br \/><a title=\"Vai al sito www.fortedivinadio.it\" href=\"http:\/\/www.fortedivinadio.com\/\" target=\"_blank\" rel=\"noopener\">www.fortedivinadio.com<\/a><br \/><a href=\"mailto:info@fortedivinadio.com\">info@fortedivinadio.com<\/a><br \/><a href=\"https:\/\/api.whatsapp.com\/message\/5HGVT72MCMNQJ1?autoload=1&amp;app_absent=0\" target=\"_blank\" rel=\"noopener\">+39 3404962384<\/a><br \/>+39 0171 959151 \/ 0171 1670042<\/p>\n<div class=\"text-center\"><div class=\"is-divider divider clearfix\" style=\"max-width:80px;background-color:rgb(0, 0, 0);\"><\/div><\/div>\n\n\n  \n    <div class=\"row large-columns-2 medium-columns- small-columns- row-small slider row-slider slider-nav-circle\"  data-flickity-options='{&quot;imagesLoaded&quot;: true, &quot;groupCells&quot;: &quot;100%&quot;, &quot;dragThreshold&quot; : 5, &quot;cellAlign&quot;: &quot;left&quot;,&quot;wrapAround&quot;: true,&quot;prevNextButtons&quot;: true,&quot;percentPosition&quot;: true,&quot;pageDots&quot;: false, &quot;rightToLeft&quot;: false, &quot;autoPlay&quot; : false}' >\n\n  <div class=\"gallery-col col\" data-animate=\"fadeInUp\">\n          <div class=\"col-inner\">\n            <a class=\"image-lightbox lightbox-gallery\" href=\"https:\/\/www.vallesturaexperience.it\/wp-content\/uploads\/Paesi-ValleStura-9-1.jpg\" title=\"\">            <div class=\"box has-hover gallery-box box-overlay dark\">\n              <div class=\"box-image image-overlay-add image-cover\" style=\"padding-top:56.25%;\">\n                <img fetchpriority=\"high\" decoding=\"async\" width=\"300\" height=\"200\" src=\"https:\/\/www.vallesturaexperience.it\/wp-content\/uploads\/Paesi-ValleStura-9-1.jpg\" class=\"attachment-medium size-medium\" alt=\"\" ids=\"3685,3679,3676,3680,3683\" type=\"slider\" col_spacing=\"small\" columns=\"2\" animate=\"fadeInUp\" slider_nav_style=\"circle\" image_height=\"56.25%\" image_overlay=\"rgba(0, 0, 0, 0.5)\" image_hover=\"overlay-add\" srcset=\"https:\/\/www.vallesturaexperience.it\/wp-content\/uploads\/Paesi-ValleStura-9-1.jpg 1801w, https:\/\/www.vallesturaexperience.it\/wp-content\/uploads\/Paesi-ValleStura-9-1-510x340.jpg 510w\" sizes=\"(max-width: 300px) 100vw, 300px\" \/>                                  <div class=\"overlay fill\"\n                      style=\"background-color: rgba(0, 0, 0, 0.5)\">\n                  <\/div>\n                                                              <\/div>\n              <div class=\"box-text text-left\" >\n                 <p><\/p>\n              <\/div>\n            <\/div>\n            <\/a>          <\/div>\n         <\/div><div class=\"gallery-col col\" data-animate=\"fadeInUp\">\n          <div class=\"col-inner\">\n            <a class=\"image-lightbox lightbox-gallery\" href=\"https:\/\/www.vallesturaexperience.it\/wp-content\/uploads\/Paesi-ValleStura-34.jpg\" title=\"\">            <div class=\"box has-hover gallery-box box-overlay dark\">\n              <div class=\"box-image image-overlay-add image-cover\" style=\"padding-top:56.25%;\">\n                <img decoding=\"async\" width=\"300\" height=\"200\" src=\"https:\/\/www.vallesturaexperience.it\/wp-content\/uploads\/Paesi-ValleStura-34.jpg\" class=\"attachment-medium size-medium\" alt=\"\" ids=\"3685,3679,3676,3680,3683\" type=\"slider\" col_spacing=\"small\" columns=\"2\" animate=\"fadeInUp\" slider_nav_style=\"circle\" image_height=\"56.25%\" image_overlay=\"rgba(0, 0, 0, 0.5)\" image_hover=\"overlay-add\" srcset=\"https:\/\/www.vallesturaexperience.it\/wp-content\/uploads\/Paesi-ValleStura-34.jpg 1799w, https:\/\/www.vallesturaexperience.it\/wp-content\/uploads\/Paesi-ValleStura-34-510x340.jpg 510w\" sizes=\"(max-width: 300px) 100vw, 300px\" \/>                                  <div class=\"overlay fill\"\n                      style=\"background-color: rgba(0, 0, 0, 0.5)\">\n                  <\/div>\n                                                              <\/div>\n              <div class=\"box-text text-left\" >\n                 <p><\/p>\n              <\/div>\n            <\/div>\n            <\/a>          <\/div>\n         <\/div><div class=\"gallery-col col\" data-animate=\"fadeInUp\">\n          <div class=\"col-inner\">\n            <a class=\"image-lightbox lightbox-gallery\" href=\"https:\/\/www.vallesturaexperience.it\/wp-content\/uploads\/Paesi-ValleStura-13.jpg\" title=\"\">            <div class=\"box has-hover gallery-box box-overlay dark\">\n              <div class=\"box-image image-overlay-add image-cover\" style=\"padding-top:56.25%;\">\n                <img decoding=\"async\" width=\"300\" height=\"200\" src=\"https:\/\/www.vallesturaexperience.it\/wp-content\/uploads\/Paesi-ValleStura-13.jpg\" class=\"attachment-medium size-medium\" alt=\"\" ids=\"3685,3679,3676,3680,3683\" type=\"slider\" col_spacing=\"small\" columns=\"2\" animate=\"fadeInUp\" slider_nav_style=\"circle\" image_height=\"56.25%\" image_overlay=\"rgba(0, 0, 0, 0.5)\" image_hover=\"overlay-add\" srcset=\"https:\/\/www.vallesturaexperience.it\/wp-content\/uploads\/Paesi-ValleStura-13.jpg 1801w, https:\/\/www.vallesturaexperience.it\/wp-content\/uploads\/Paesi-ValleStura-13-510x340.jpg 510w\" sizes=\"(max-width: 300px) 100vw, 300px\" \/>                                  <div class=\"overlay fill\"\n                      style=\"background-color: rgba(0, 0, 0, 0.5)\">\n                  <\/div>\n                                                              <\/div>\n              <div class=\"box-text text-left\" >\n                 <p><\/p>\n              <\/div>\n            <\/div>\n            <\/a>          <\/div>\n         <\/div><div class=\"gallery-col col\" data-animate=\"fadeInUp\">\n          <div class=\"col-inner\">\n            <a class=\"image-lightbox lightbox-gallery\" href=\"https:\/\/www.vallesturaexperience.it\/wp-content\/uploads\/Paesi-ValleStura-37.jpg\" title=\"\">            <div class=\"box has-hover gallery-box box-overlay dark\">\n              <div class=\"box-image image-overlay-add image-cover\" style=\"padding-top:56.25%;\">\n                <img loading=\"lazy\" decoding=\"async\" width=\"300\" height=\"200\" src=\"https:\/\/www.vallesturaexperience.it\/wp-content\/uploads\/Paesi-ValleStura-37.jpg\" class=\"attachment-medium size-medium\" alt=\"\" ids=\"3685,3679,3676,3680,3683\" type=\"slider\" col_spacing=\"small\" columns=\"2\" animate=\"fadeInUp\" slider_nav_style=\"circle\" image_height=\"56.25%\" image_overlay=\"rgba(0, 0, 0, 0.5)\" image_hover=\"overlay-add\" srcset=\"https:\/\/www.vallesturaexperience.it\/wp-content\/uploads\/Paesi-ValleStura-37.jpg 1799w, https:\/\/www.vallesturaexperience.it\/wp-content\/uploads\/Paesi-ValleStura-37-510x340.jpg 510w\" sizes=\"(max-width: 300px) 100vw, 300px\" \/>                                  <div class=\"overlay fill\"\n                      style=\"background-color: rgba(0, 0, 0, 0.5)\">\n                  <\/div>\n                                                              <\/div>\n              <div class=\"box-text text-left\" >\n                 <p><\/p>\n              <\/div>\n            <\/div>\n            <\/a>          <\/div>\n         <\/div><div class=\"gallery-col col\" data-animate=\"fadeInUp\">\n          <div class=\"col-inner\">\n            <a class=\"image-lightbox lightbox-gallery\" href=\"https:\/\/www.vallesturaexperience.it\/wp-content\/uploads\/ValleStura-16-18luglio-100.jpg\" title=\"\">            <div class=\"box has-hover gallery-box box-overlay dark\">\n              <div class=\"box-image image-overlay-add image-cover\" style=\"padding-top:56.25%;\">\n                <img loading=\"lazy\" decoding=\"async\" width=\"300\" height=\"200\" src=\"https:\/\/www.vallesturaexperience.it\/wp-content\/uploads\/ValleStura-16-18luglio-100.jpg\" class=\"attachment-medium size-medium\" alt=\"\" ids=\"3685,3679,3676,3680,3683\" type=\"slider\" col_spacing=\"small\" columns=\"2\" animate=\"fadeInUp\" slider_nav_style=\"circle\" image_height=\"56.25%\" image_overlay=\"rgba(0, 0, 0, 0.5)\" image_hover=\"overlay-add\" srcset=\"https:\/\/www.vallesturaexperience.it\/wp-content\/uploads\/ValleStura-16-18luglio-100.jpg 1800w, https:\/\/www.vallesturaexperience.it\/wp-content\/uploads\/ValleStura-16-18luglio-100-510x340.jpg 510w\" sizes=\"(max-width: 300px) 100vw, 300px\" \/>                                  <div class=\"overlay fill\"\n                      style=\"background-color: rgba(0, 0, 0, 0.5)\">\n                  <\/div>\n                                                              <\/div>\n              <div class=\"box-text text-left\" >\n                 <p><\/p>\n              <\/div>\n            <\/div>\n            <\/a>          <\/div>\n         <\/div><\/div>\n\n<div class=\"text-center\"><div class=\"is-divider divider clearfix\" style=\"max-width:80px;background-color:rgb(0, 0, 0);\"><\/div><\/div>\n\n\n","protected":false},"excerpt":{"rendered":"","protected":false},"featured_media":2590,"menu_order":21,"template":"","format":"standard","categoria_cosa_vedere":[58],"class_list":["post-5235","cosa_vedere","type-cosa_vedere","status-publish","format-standard","has-post-thumbnail","hentry","categoria_cosa_vedere-history"],"acf":[],"yoast_head":"<!-- This site is optimized with the Yoast SEO plugin v27.4 - https:\/\/yoast.com\/product\/yoast-seo-wordpress\/ -->\n<title>Fort of Vinadio - Valle Stura Experience<\/title>\n<meta name=\"robots\" content=\"index, follow, max-snippet:-1, max-image-preview:large, max-video-preview:-1\" \/>\n<link rel=\"canonical\" href=\"https:\/\/www.vallesturaexperience.it\/en\/cosa_vedere\/fort-of-vinadio\/\" \/>\n<meta property=\"og:locale\" content=\"en_US\" \/>\n<meta property=\"og:type\" content=\"article\" \/>\n<meta property=\"og:title\" content=\"Fort of Vinadio - Valle Stura Experience\" \/>\n<meta property=\"og:url\" content=\"https:\/\/www.vallesturaexperience.it\/en\/cosa_vedere\/fort-of-vinadio\/\" \/>\n<meta property=\"og:site_name\" content=\"Valle Stura Experience\" \/>\n<meta property=\"article:publisher\" content=\"https:\/\/www.facebook.com\/vallesturaexperience\/\" \/>\n<meta property=\"article:modified_time\" content=\"2025-09-07T14:02:08+00:00\" \/>\n<meta property=\"og:image\" content=\"https:\/\/www.vallesturaexperience.it\/wp-content\/uploads\/forte-di-vinadio.jpg\" \/>\n\t<meta property=\"og:image:width\" content=\"960\" \/>\n\t<meta property=\"og:image:height\" content=\"507\" \/>\n\t<meta property=\"og:image:type\" content=\"image\/jpeg\" \/>\n<meta name=\"twitter:card\" content=\"summary_large_image\" \/>\n<meta name=\"twitter:label1\" content=\"Est. reading time\" \/>\n\t<meta name=\"twitter:data1\" content=\"5 minutes\" \/>\n<script type=\"application\/ld+json\" class=\"yoast-schema-graph\">{\"@context\":\"https:\\\/\\\/schema.org\",\"@graph\":[{\"@type\":\"WebPage\",\"@id\":\"https:\\\/\\\/www.vallesturaexperience.it\\\/en\\\/cosa_vedere\\\/fort-of-vinadio\\\/\",\"url\":\"https:\\\/\\\/www.vallesturaexperience.it\\\/en\\\/cosa_vedere\\\/fort-of-vinadio\\\/\",\"name\":\"Fort of Vinadio - Valle Stura Experience\",\"isPartOf\":{\"@id\":\"https:\\\/\\\/www.vallesturaexperience.it\\\/#website\"},\"primaryImageOfPage\":{\"@id\":\"https:\\\/\\\/www.vallesturaexperience.it\\\/en\\\/cosa_vedere\\\/fort-of-vinadio\\\/#primaryimage\"},\"image\":{\"@id\":\"https:\\\/\\\/www.vallesturaexperience.it\\\/en\\\/cosa_vedere\\\/fort-of-vinadio\\\/#primaryimage\"},\"thumbnailUrl\":\"https:\\\/\\\/www.vallesturaexperience.it\\\/wp-content\\\/uploads\\\/forte-di-vinadio.jpg\",\"datePublished\":\"2018-08-14T23:18:19+00:00\",\"dateModified\":\"2025-09-07T14:02:08+00:00\",\"breadcrumb\":{\"@id\":\"https:\\\/\\\/www.vallesturaexperience.it\\\/en\\\/cosa_vedere\\\/fort-of-vinadio\\\/#breadcrumb\"},\"inLanguage\":\"en-US\",\"potentialAction\":[{\"@type\":\"ReadAction\",\"target\":[\"https:\\\/\\\/www.vallesturaexperience.it\\\/en\\\/cosa_vedere\\\/fort-of-vinadio\\\/\"]}]},{\"@type\":\"ImageObject\",\"inLanguage\":\"en-US\",\"@id\":\"https:\\\/\\\/www.vallesturaexperience.it\\\/en\\\/cosa_vedere\\\/fort-of-vinadio\\\/#primaryimage\",\"url\":\"https:\\\/\\\/www.vallesturaexperience.it\\\/wp-content\\\/uploads\\\/forte-di-vinadio.jpg\",\"contentUrl\":\"https:\\\/\\\/www.vallesturaexperience.it\\\/wp-content\\\/uploads\\\/forte-di-vinadio.jpg\",\"width\":960,\"height\":507},{\"@type\":\"BreadcrumbList\",\"@id\":\"https:\\\/\\\/www.vallesturaexperience.it\\\/en\\\/cosa_vedere\\\/fort-of-vinadio\\\/#breadcrumb\",\"itemListElement\":[{\"@type\":\"ListItem\",\"position\":1,\"name\":\"Home\",\"item\":\"https:\\\/\\\/www.vallesturaexperience.it\\\/en\\\/homepage\\\/\"},{\"@type\":\"ListItem\",\"position\":2,\"name\":\"Fort of Vinadio\"}]},{\"@type\":\"WebSite\",\"@id\":\"https:\\\/\\\/www.vallesturaexperience.it\\\/#website\",\"url\":\"https:\\\/\\\/www.vallesturaexperience.it\\\/\",\"name\":\"Valle Stura Experience\",\"description\":\"il sito ufficiale di Valle Stura Experience\",\"publisher\":{\"@id\":\"https:\\\/\\\/www.vallesturaexperience.it\\\/#organization\"},\"potentialAction\":[{\"@type\":\"SearchAction\",\"target\":{\"@type\":\"EntryPoint\",\"urlTemplate\":\"https:\\\/\\\/www.vallesturaexperience.it\\\/?s={search_term_string}\"},\"query-input\":{\"@type\":\"PropertyValueSpecification\",\"valueRequired\":true,\"valueName\":\"search_term_string\"}}],\"inLanguage\":\"en-US\"},{\"@type\":\"Organization\",\"@id\":\"https:\\\/\\\/www.vallesturaexperience.it\\\/#organization\",\"name\":\"Valle Stura Experience\",\"url\":\"https:\\\/\\\/www.vallesturaexperience.it\\\/\",\"logo\":{\"@type\":\"ImageObject\",\"inLanguage\":\"en-US\",\"@id\":\"https:\\\/\\\/www.vallesturaexperience.it\\\/#\\\/schema\\\/logo\\\/image\\\/\",\"url\":\"https:\\\/\\\/www.vallesturaexperience.it\\\/wp-content\\\/uploads\\\/logo_valle_stura_experience.png\",\"contentUrl\":\"https:\\\/\\\/www.vallesturaexperience.it\\\/wp-content\\\/uploads\\\/logo_valle_stura_experience.png\",\"width\":263,\"height\":101,\"caption\":\"Valle Stura Experience\"},\"image\":{\"@id\":\"https:\\\/\\\/www.vallesturaexperience.it\\\/#\\\/schema\\\/logo\\\/image\\\/\"},\"sameAs\":[\"https:\\\/\\\/www.facebook.com\\\/vallesturaexperience\\\/\",\"https:\\\/\\\/www.instagram.com\\\/vallesturaexperience\\\/\"]}]}<\/script>\n<!-- \/ Yoast SEO plugin. -->","yoast_head_json":{"title":"Fort of Vinadio - Valle Stura Experience","robots":{"index":"index","follow":"follow","max-snippet":"max-snippet:-1","max-image-preview":"max-image-preview:large","max-video-preview":"max-video-preview:-1"},"canonical":"https:\/\/www.vallesturaexperience.it\/en\/cosa_vedere\/fort-of-vinadio\/","og_locale":"en_US","og_type":"article","og_title":"Fort of Vinadio - Valle Stura Experience","og_url":"https:\/\/www.vallesturaexperience.it\/en\/cosa_vedere\/fort-of-vinadio\/","og_site_name":"Valle Stura Experience","article_publisher":"https:\/\/www.facebook.com\/vallesturaexperience\/","article_modified_time":"2025-09-07T14:02:08+00:00","og_image":[{"width":960,"height":507,"url":"https:\/\/www.vallesturaexperience.it\/wp-content\/uploads\/forte-di-vinadio.jpg","type":"image\/jpeg"}],"twitter_card":"summary_large_image","twitter_misc":{"Est. reading time":"5 minutes"},"schema":{"@context":"https:\/\/schema.org","@graph":[{"@type":"WebPage","@id":"https:\/\/www.vallesturaexperience.it\/en\/cosa_vedere\/fort-of-vinadio\/","url":"https:\/\/www.vallesturaexperience.it\/en\/cosa_vedere\/fort-of-vinadio\/","name":"Fort of Vinadio - Valle Stura Experience","isPartOf":{"@id":"https:\/\/www.vallesturaexperience.it\/#website"},"primaryImageOfPage":{"@id":"https:\/\/www.vallesturaexperience.it\/en\/cosa_vedere\/fort-of-vinadio\/#primaryimage"},"image":{"@id":"https:\/\/www.vallesturaexperience.it\/en\/cosa_vedere\/fort-of-vinadio\/#primaryimage"},"thumbnailUrl":"https:\/\/www.vallesturaexperience.it\/wp-content\/uploads\/forte-di-vinadio.jpg","datePublished":"2018-08-14T23:18:19+00:00","dateModified":"2025-09-07T14:02:08+00:00","breadcrumb":{"@id":"https:\/\/www.vallesturaexperience.it\/en\/cosa_vedere\/fort-of-vinadio\/#breadcrumb"},"inLanguage":"en-US","potentialAction":[{"@type":"ReadAction","target":["https:\/\/www.vallesturaexperience.it\/en\/cosa_vedere\/fort-of-vinadio\/"]}]},{"@type":"ImageObject","inLanguage":"en-US","@id":"https:\/\/www.vallesturaexperience.it\/en\/cosa_vedere\/fort-of-vinadio\/#primaryimage","url":"https:\/\/www.vallesturaexperience.it\/wp-content\/uploads\/forte-di-vinadio.jpg","contentUrl":"https:\/\/www.vallesturaexperience.it\/wp-content\/uploads\/forte-di-vinadio.jpg","width":960,"height":507},{"@type":"BreadcrumbList","@id":"https:\/\/www.vallesturaexperience.it\/en\/cosa_vedere\/fort-of-vinadio\/#breadcrumb","itemListElement":[{"@type":"ListItem","position":1,"name":"Home","item":"https:\/\/www.vallesturaexperience.it\/en\/homepage\/"},{"@type":"ListItem","position":2,"name":"Fort of Vinadio"}]},{"@type":"WebSite","@id":"https:\/\/www.vallesturaexperience.it\/#website","url":"https:\/\/www.vallesturaexperience.it\/","name":"Valle Stura Experience","description":"il sito ufficiale di Valle Stura Experience","publisher":{"@id":"https:\/\/www.vallesturaexperience.it\/#organization"},"potentialAction":[{"@type":"SearchAction","target":{"@type":"EntryPoint","urlTemplate":"https:\/\/www.vallesturaexperience.it\/?s={search_term_string}"},"query-input":{"@type":"PropertyValueSpecification","valueRequired":true,"valueName":"search_term_string"}}],"inLanguage":"en-US"},{"@type":"Organization","@id":"https:\/\/www.vallesturaexperience.it\/#organization","name":"Valle Stura Experience","url":"https:\/\/www.vallesturaexperience.it\/","logo":{"@type":"ImageObject","inLanguage":"en-US","@id":"https:\/\/www.vallesturaexperience.it\/#\/schema\/logo\/image\/","url":"https:\/\/www.vallesturaexperience.it\/wp-content\/uploads\/logo_valle_stura_experience.png","contentUrl":"https:\/\/www.vallesturaexperience.it\/wp-content\/uploads\/logo_valle_stura_experience.png","width":263,"height":101,"caption":"Valle Stura Experience"},"image":{"@id":"https:\/\/www.vallesturaexperience.it\/#\/schema\/logo\/image\/"},"sameAs":["https:\/\/www.facebook.com\/vallesturaexperience\/","https:\/\/www.instagram.com\/vallesturaexperience\/"]}]}},"_links":{"self":[{"href":"https:\/\/www.vallesturaexperience.it\/en\/wp-json\/wp\/v2\/cosa_vedere\/5235","targetHints":{"allow":["GET"]}}],"collection":[{"href":"https:\/\/www.vallesturaexperience.it\/en\/wp-json\/wp\/v2\/cosa_vedere"}],"about":[{"href":"https:\/\/www.vallesturaexperience.it\/en\/wp-json\/wp\/v2\/types\/cosa_vedere"}],"wp:featuredmedia":[{"embeddable":true,"href":"https:\/\/www.vallesturaexperience.it\/en\/wp-json\/wp\/v2\/media\/2590"}],"wp:attachment":[{"href":"https:\/\/www.vallesturaexperience.it\/en\/wp-json\/wp\/v2\/media?parent=5235"}],"wp:term":[{"taxonomy":"categoria_cosa_vedere","embeddable":true,"href":"https:\/\/www.vallesturaexperience.it\/en\/wp-json\/wp\/v2\/categoria_cosa_vedere?post=5235"}],"curies":[{"name":"wp","href":"https:\/\/api.w.org\/{rel}","templated":true}]}}