{"id":6242,"date":"2023-06-30T10:37:37","date_gmt":"2023-06-30T08:37:37","guid":{"rendered":"https:\/\/www.vallesturaexperience.it\/far-na-novo-veio-en-val-esturo\/"},"modified":"2026-01-30T16:13:23","modified_gmt":"2026-01-30T15:13:23","slug":"far-na-novo-veio-en-val-esturo","status":"publish","type":"page","link":"https:\/\/www.vallesturaexperience.it\/de\/far-na-novo-veio-en-val-esturo\/","title":{"rendered":"Far na novo veio en Val Esturo"},"content":{"rendered":"\n\n  <div class=\"banner has-hover has-parallax\" id=\"banner-857261349\">\n          <div class=\"banner-inner fill\">\n        <div class=\"banner-bg fill\" data-parallax=\"-3\" data-parallax-container=\".banner\" data-parallax-background>\n            <img fetchpriority=\"high\" decoding=\"async\" width=\"1366\" height=\"910\" src=\"https:\/\/www.vallesturaexperience.it\/wp-content\/uploads\/ValleStura-16-18luglio-194.jpg\" class=\"bg attachment-original size-original\" alt=\"\" \/>                                    \n                    <\/div>\n\t\t\n        <div class=\"banner-layers container\">\n            <div class=\"fill banner-link\"><\/div>            \n\n   <div id=\"text-box-1673125065\" class=\"text-box banner-layer x50 md-x50 lg-x50 y50 md-y50 lg-y50 res-text\">\n                     <div data-animate=\"fadeInLeft\">           <div class=\"text-box-content text dark\">\n              \n              <div class=\"text-inner text-center\">\n                  \n\n<h1 class=\"uppercase\" style=\"padding-top:25px;padding-bottom:25px;\"><strong>Far na novo veio en Val Esturo<br><\/strong><\/h1>\n\n\n              <\/div>\n           <\/div>\n       <\/div>                     \n<style>\n#text-box-1673125065 .text-box-content {\n  background-color: rgba(0, 0, 0, 0.5);\n  border-radius: 35px;\n  font-size: 100%;\n}\n#text-box-1673125065 {\n  width: 80%;\n}\n@media (min-width:550px) {\n  #text-box-1673125065 {\n    width: 90%;\n  }\n}\n<\/style>\n    <\/div>\n \n\n        <\/div>\n      <\/div>\n\n            \n<style>\n#banner-857261349 {\n  padding-top: 540px;\n}\n#banner-857261349 .overlay {\n  background-color: rgba(0, 0, 0, 0.3);\n}\n#banner-857261349 .banner-bg img {\n  object-position: 53% 64%;\n}\n<\/style>\n  <\/div>\n\n\n<div class=\"row row-collapse\"  id=\"row-2045735303\">\n\n\n\t<div id=\"col-200727353\" class=\"col small-12 large-12\"  >\n\t\t\t\t<div class=\"col-inner\"  >\n\t\t\t\n\t\t\t\n\n<p><span dir=\"ltr\" role=\"presentation\">Das Valle Stura Experience Consortium ist der Leiter des Kettenprojekts &#8216;Far na novo veio en Val Esturo&#8217; (Eine neue Ader im Val Esturo).<\/span><\/p>\n<p><span dir=\"ltr\" role=\"presentation\">Das Projekt zielt darauf ab, die touristische Attraktivit\u00e4t des Stura-Tals zu f\u00f6rdern und positive Nebeneffekte f\u00fcr alle Beteiligten <\/span><span dir=\"ltr\" role=\"presentation\">Beteiligten und allgemein f\u00fcr die lokale Wirtschaft.<br><\/span> <span dir=\"ltr\" role=\"presentation\">Um dieses Ziel zu erreichen, verpflichtet sich die Kette <\/span><span dir=\"ltr\" role=\"presentation\">eine Reihe von Veranstaltungen zu organisieren und zu f\u00f6rdern, die w\u00e4hrend des Sommers an verschiedenen Orten des Tals stattfinden.<br>Die verschiedenen <\/span> <span dir=\"ltr\" role=\"presentation\">Momente werden durch das Angebot einer abendlichen Filmvorf\u00fchrung verbunden, sind aber <\/span><span dir=\"ltr\" role=\"presentation\">aber so strukturiert sein, dass die Teilnehmer den ganzen Tag \u00fcber verschiedene Erlebnisse genie\u00dfen k\u00f6nnen, und dann <\/span><span dir=\"ltr\" role=\"presentation\">den Abend vor der eigens aufgestellten Leinwand in der gew\u00e4hlten Gegend.<br>Die Idee ist, die alte okzitanische Tradition <\/span> <span dir=\"ltr\" role=\"presentation\">an die alte okzitanische Tradition des V\u00e8io anzukn\u00fcpfen, der Nachtwache, bei der die Bewohner der D\u00f6rfer <\/span><span dir=\"ltr\" role=\"presentation\">die langen Winterabende in der Scheune oder im Sommer in den H\u00f6fen verbrachten.<\/span>  <\/p>\n<p><span dir=\"ltr\" role=\"presentation\">F\u00fcr die Durchf\u00fchrung dieser Veranstaltungen hat das Valle Stura Experience Consortium ein komplettes System <\/span><span dir=\"ltr\" role=\"presentation\">f\u00fcr die Organisation von Videoprojektionen im Freien, einschlie\u00dflich eines Soundsystems, eines Videoprojektors und einer selbsttragenden Leinwand. <\/span><span dir=\"ltr\" role=\"presentation\">Selbsttragende Leinwand.<\/span><\/p>\n<p><span dir=\"ltr\" role=\"presentation\">Au\u00dferdem kaufte sie einen Schreibtisch und einen ausziehbaren Pavillon mit ihren eigenen Logos, die im Siebdruckverfahren auf die <\/span><span dir=\"ltr\" role=\"presentation\">um eine bessere Sichtbarkeit und Erkennbarkeit auf Messen und Veranstaltungen zu gew\u00e4hrleisten.<\/span><\/p>\n<p><span dir=\"ltr\" role=\"presentation\"><strong>Die direkt an der Lieferkette beteiligten Akteure sind<\/strong>:<\/span><\/p>\n<p><span dir=\"ltr\" role=\"presentation\">Ferienhaus Arpaouza: <a href=\"https:\/\/www.vallesturaexperience.it\/strutture\/arpouza-vallestura-casa-vacanze\/\">https:\/\/www.vallesturaexperience.it\/strutture\/arpouza-vallestura-casa-vacanze\/<\/a><\/span><br role=\"presentation\"><span dir=\"ltr\" role=\"presentation\">Apicoltura Fossati: <a href=\"https:\/\/www.vallesturaexperience.it\/strutture\/apicoltura-biologica-fossati\/\">https:\/\/www.vallesturaexperience.it\/strutture\/apicoltura-biologica-fossati\/<\/a><\/span><br role=\"presentation\"><span dir=\"ltr\" role=\"presentation\">Le Frittelle di Marta: <a href=\"https:\/\/www.vallesturaexperience.it\/strutture\/le-frittelle-di-marta\/\">https:\/\/www.vallesturaexperience.it\/strutture\/le-frittelle-di-marta\/<\/a><\/span><br role=\"presentation\"><span dir=\"ltr\" role=\"presentation\">Malinvern Zuflucht: <a href=\"https:\/\/www.vallesturaexperience.it\/strutture\/rifugio-malinvern-2\/\">https:\/\/www.vallesturaexperience.it\/strutture\/rifugio-malinvern-2\/<\/a><\/span><br role=\"presentation\"><span dir=\"ltr\" role=\"presentation\">Dahu Zuflucht: <a href=\"https:\/\/www.vallesturaexperience.it\/strutture\/risto-rifugio-dahu-de-sabarnui\/\">https:\/\/www.vallesturaexperience.it\/strutture\/risto-rifugio-dahu-de-sabarnui\/<\/a><\/span><br role=\"presentation\"><span dir=\"ltr\" role=\"presentation\">La Piola A l&#8217;Ubac: <a href=\"https:\/\/www.vallesturaexperience.it\/?post_type=strutture&#038;p=462\">https:\/\/www.vallesturaexperience.it\/strutture\/piola-a-lubac\/<\/a><\/span><\/p>\n\n\t\t<\/div>\n\t\t\t\t\t<\/div>\n\n\t\n\n\n<style>\n#row-2045735303 > .col > .col-inner {\n  padding: 30px 0px 30px 0px;\n}\n<\/style>\n<\/div>\n<div class=\"row row-collapse\"  id=\"row-1401268182\">\n\n\n\t<div id=\"col-1337591880\" class=\"col small-12 large-12\"  >\n\t\t\t\t<div class=\"col-inner text-center\"  >\n\t\t\t\n\t\t\t\n\n\t<div class=\"img has-hover center-block x md-x lg-x y md-y lg-y\" id=\"image_407494612\">\n\t\t<a class=\"image-lightbox lightbox-gallery\" title=\"\" href=\"https:\/\/www.vallesturaexperience.it\/wp-content\/uploads\/feasr_page-1.jpg\">\t\t\t\t\t\t<div class=\"img-inner dark\" >\n\t\t\t<img decoding=\"async\" width=\"502\" height=\"705\" src=\"https:\/\/www.vallesturaexperience.it\/wp-content\/uploads\/feasr_page-1.jpg\" class=\"attachment-original size-original\" alt=\"\" srcset=\"https:\/\/www.vallesturaexperience.it\/wp-content\/uploads\/feasr_page-1.jpg 502w, https:\/\/www.vallesturaexperience.it\/wp-content\/uploads\/feasr_page-1-214x300.jpg 214w\" sizes=\"(max-width: 502px) 100vw, 502px\" \/>\t\t\t\t\t\t\n\t\t\t\t\t<\/div>\n\t\t\t\t\t\t<\/a>\t\t\n<style>\n#image_407494612 {\n  width: 50%;\n}\n<\/style>\n\t<\/div>\n\t\n\n\n\t\t<\/div>\n\t\t\t\t\t<\/div>\n\n\t\n\n\n<style>\n#row-1401268182 > .col > .col-inner {\n  padding: 30px 0px 30px 0px;\n}\n<\/style>\n<\/div>\n\t<div id=\"gap-1416960284\" class=\"gap-element clearfix\" style=\"display:block; height:auto;\">\n\t\t\n<style>\n#gap-1416960284 {\n  padding-top: 150px;\n}\n<\/style>\n\t<\/div>\n\t\n\n\n","protected":false},"excerpt":{"rendered":"","protected":false},"author":5,"featured_media":0,"parent":0,"menu_order":0,"comment_status":"closed","ping_status":"closed","template":"page-blank.php","meta":{"_acf_changed":false,"footnotes":""},"class_list":["post-6242","page","type-page","status-publish","hentry"],"acf":[],"yoast_head":"<!-- This site is optimized with the Yoast SEO plugin v27.4 - https:\/\/yoast.com\/product\/yoast-seo-wordpress\/ -->\n<title>Far na novo veio en Val Esturo - Valle Stura Experience<\/title>\n<meta name=\"robots\" content=\"index, follow, max-snippet:-1, max-image-preview:large, max-video-preview:-1\" \/>\n<link rel=\"canonical\" href=\"https:\/\/www.vallesturaexperience.it\/de\/far-na-novo-veio-en-val-esturo\/\" \/>\n<meta property=\"og:locale\" content=\"de_DE\" \/>\n<meta property=\"og:type\" content=\"article\" \/>\n<meta property=\"og:title\" content=\"Far na novo veio en Val Esturo - Valle Stura Experience\" \/>\n<meta property=\"og:url\" content=\"https:\/\/www.vallesturaexperience.it\/de\/far-na-novo-veio-en-val-esturo\/\" \/>\n<meta property=\"og:site_name\" content=\"Valle Stura Experience\" \/>\n<meta property=\"article:publisher\" content=\"https:\/\/www.facebook.com\/vallesturaexperience\/\" \/>\n<meta property=\"article:modified_time\" content=\"2026-01-30T15:13:23+00:00\" \/>\n<meta name=\"twitter:card\" content=\"summary_large_image\" \/>\n<meta name=\"twitter:label1\" content=\"Gesch\u00e4tzte Lesezeit\" \/>\n\t<meta name=\"twitter:data1\" content=\"2 minutes\" \/>\n<script type=\"application\/ld+json\" class=\"yoast-schema-graph\">{\"@context\":\"https:\\\/\\\/schema.org\",\"@graph\":[{\"@type\":\"WebPage\",\"@id\":\"https:\\\/\\\/www.vallesturaexperience.it\\\/de\\\/far-na-novo-veio-en-val-esturo\\\/\",\"url\":\"https:\\\/\\\/www.vallesturaexperience.it\\\/de\\\/far-na-novo-veio-en-val-esturo\\\/\",\"name\":\"Far na novo veio en Val Esturo - Valle Stura Experience\",\"isPartOf\":{\"@id\":\"https:\\\/\\\/www.vallesturaexperience.it\\\/#website\"},\"datePublished\":\"2023-06-30T08:37:37+00:00\",\"dateModified\":\"2026-01-30T15:13:23+00:00\",\"breadcrumb\":{\"@id\":\"https:\\\/\\\/www.vallesturaexperience.it\\\/de\\\/far-na-novo-veio-en-val-esturo\\\/#breadcrumb\"},\"inLanguage\":\"de-DE\",\"potentialAction\":[{\"@type\":\"ReadAction\",\"target\":[\"https:\\\/\\\/www.vallesturaexperience.it\\\/de\\\/far-na-novo-veio-en-val-esturo\\\/\"]}]},{\"@type\":\"BreadcrumbList\",\"@id\":\"https:\\\/\\\/www.vallesturaexperience.it\\\/de\\\/far-na-novo-veio-en-val-esturo\\\/#breadcrumb\",\"itemListElement\":[{\"@type\":\"ListItem\",\"position\":1,\"name\":\"Home\",\"item\":\"https:\\\/\\\/www.vallesturaexperience.it\\\/de\\\/homepage\\\/\"},{\"@type\":\"ListItem\",\"position\":2,\"name\":\"Far na novo veio en Val Esturo\"}]},{\"@type\":\"WebSite\",\"@id\":\"https:\\\/\\\/www.vallesturaexperience.it\\\/#website\",\"url\":\"https:\\\/\\\/www.vallesturaexperience.it\\\/\",\"name\":\"Valle Stura Experience\",\"description\":\"il sito ufficiale di Valle Stura Experience\",\"potentialAction\":[{\"@type\":\"SearchAction\",\"target\":{\"@type\":\"EntryPoint\",\"urlTemplate\":\"https:\\\/\\\/www.vallesturaexperience.it\\\/?s={search_term_string}\"},\"query-input\":{\"@type\":\"PropertyValueSpecification\",\"valueRequired\":true,\"valueName\":\"search_term_string\"}}],\"inLanguage\":\"de-DE\"}]}<\/script>\n<!-- \/ Yoast SEO plugin. -->","yoast_head_json":{"title":"Far na novo veio en Val Esturo - Valle Stura Experience","robots":{"index":"index","follow":"follow","max-snippet":"max-snippet:-1","max-image-preview":"max-image-preview:large","max-video-preview":"max-video-preview:-1"},"canonical":"https:\/\/www.vallesturaexperience.it\/de\/far-na-novo-veio-en-val-esturo\/","og_locale":"de_DE","og_type":"article","og_title":"Far na novo veio en Val Esturo - Valle Stura Experience","og_url":"https:\/\/www.vallesturaexperience.it\/de\/far-na-novo-veio-en-val-esturo\/","og_site_name":"Valle Stura Experience","article_publisher":"https:\/\/www.facebook.com\/vallesturaexperience\/","article_modified_time":"2026-01-30T15:13:23+00:00","twitter_card":"summary_large_image","twitter_misc":{"Gesch\u00e4tzte Lesezeit":"2 minutes"},"schema":{"@context":"https:\/\/schema.org","@graph":[{"@type":"WebPage","@id":"https:\/\/www.vallesturaexperience.it\/de\/far-na-novo-veio-en-val-esturo\/","url":"https:\/\/www.vallesturaexperience.it\/de\/far-na-novo-veio-en-val-esturo\/","name":"Far na novo veio en Val Esturo - Valle Stura Experience","isPartOf":{"@id":"https:\/\/www.vallesturaexperience.it\/#website"},"datePublished":"2023-06-30T08:37:37+00:00","dateModified":"2026-01-30T15:13:23+00:00","breadcrumb":{"@id":"https:\/\/www.vallesturaexperience.it\/de\/far-na-novo-veio-en-val-esturo\/#breadcrumb"},"inLanguage":"de-DE","potentialAction":[{"@type":"ReadAction","target":["https:\/\/www.vallesturaexperience.it\/de\/far-na-novo-veio-en-val-esturo\/"]}]},{"@type":"BreadcrumbList","@id":"https:\/\/www.vallesturaexperience.it\/de\/far-na-novo-veio-en-val-esturo\/#breadcrumb","itemListElement":[{"@type":"ListItem","position":1,"name":"Home","item":"https:\/\/www.vallesturaexperience.it\/de\/homepage\/"},{"@type":"ListItem","position":2,"name":"Far na novo veio en Val Esturo"}]},{"@type":"WebSite","@id":"https:\/\/www.vallesturaexperience.it\/#website","url":"https:\/\/www.vallesturaexperience.it\/","name":"Valle Stura Experience","description":"il sito ufficiale di Valle Stura Experience","potentialAction":[{"@type":"SearchAction","target":{"@type":"EntryPoint","urlTemplate":"https:\/\/www.vallesturaexperience.it\/?s={search_term_string}"},"query-input":{"@type":"PropertyValueSpecification","valueRequired":true,"valueName":"search_term_string"}}],"inLanguage":"de-DE"}]}},"_links":{"self":[{"href":"https:\/\/www.vallesturaexperience.it\/de\/wp-json\/wp\/v2\/pages\/6242","targetHints":{"allow":["GET"]}}],"collection":[{"href":"https:\/\/www.vallesturaexperience.it\/de\/wp-json\/wp\/v2\/pages"}],"about":[{"href":"https:\/\/www.vallesturaexperience.it\/de\/wp-json\/wp\/v2\/types\/page"}],"author":[{"embeddable":true,"href":"https:\/\/www.vallesturaexperience.it\/de\/wp-json\/wp\/v2\/users\/5"}],"replies":[{"embeddable":true,"href":"https:\/\/www.vallesturaexperience.it\/de\/wp-json\/wp\/v2\/comments?post=6242"}],"version-history":[{"count":0,"href":"https:\/\/www.vallesturaexperience.it\/de\/wp-json\/wp\/v2\/pages\/6242\/revisions"}],"wp:attachment":[{"href":"https:\/\/www.vallesturaexperience.it\/de\/wp-json\/wp\/v2\/media?parent=6242"}],"curies":[{"name":"wp","href":"https:\/\/api.w.org\/{rel}","templated":true}]}}